{"id":916,"date":"2022-08-10T14:48:21","date_gmt":"2022-08-10T12:48:21","guid":{"rendered":"http:\/\/www.choeurdemay.ch\/?page_id=916"},"modified":"2024-03-11T08:47:23","modified_gmt":"2024-03-11T06:47:23","slug":"concert-du-vendredi-saint","status":"publish","type":"page","link":"https:\/\/www.choeurdemay.ch\/?page_id=916","title":{"rendered":"2022 \u2013 Concert du Vendredi Saint"},"content":{"rendered":"\n<h4 class=\"wp-block-heading\"><strong>Vendredi 15 avril 2022 | 11h00<\/strong><br><strong>\u00c9glise Saint Th\u00e9odule | Gruy\u00e8res<\/strong><\/h4>\n\n\n\n<p class=\"wp-block-paragraph\">Entr\u00e9e libre | Collecte<\/p>\n\n\n\n<h5 class=\"wp-block-heading\"><a href=\"https:\/\/www.choeurdemay.ch\/wp-content\/uploads\/2022\/04\/Programme_Concert-du-Vendredi-Saint_15-avril-2022_Choeur-de-May-et-Vincent-Perrenoud-1.pdf\"><strong><span style=\"color:#aa0000\" class=\"has-inline-color\">Programme<\/span><\/strong><\/a><\/h5>\n\n\n<div class=\"wp-block-image\">\n<figure class=\"aligncenter size-large\"><img loading=\"lazy\" decoding=\"async\" width=\"721\" height=\"1024\" src=\"https:\/\/www.choeurdemay.ch\/wp-content\/uploads\/2022\/03\/Web_CdM_VSaint_2022-1-721x1024.jpg\" alt=\"\" class=\"wp-image-823\" srcset=\"https:\/\/www.choeurdemay.ch\/wp-content\/uploads\/2022\/03\/Web_CdM_VSaint_2022-1-721x1024.jpg 721w, https:\/\/www.choeurdemay.ch\/wp-content\/uploads\/2022\/03\/Web_CdM_VSaint_2022-1-211x300.jpg 211w, https:\/\/www.choeurdemay.ch\/wp-content\/uploads\/2022\/03\/Web_CdM_VSaint_2022-1-768x1091.jpg 768w, https:\/\/www.choeurdemay.ch\/wp-content\/uploads\/2022\/03\/Web_CdM_VSaint_2022-1-1081x1536.jpg 1081w, https:\/\/www.choeurdemay.ch\/wp-content\/uploads\/2022\/03\/Web_CdM_VSaint_2022-1-1442x2048.jpg 1442w, https:\/\/www.choeurdemay.ch\/wp-content\/uploads\/2022\/03\/Web_CdM_VSaint_2022-1-scaled.jpg 1802w\" sizes=\"auto, (max-width: 721px) 100vw, 721px\" \/><\/figure>\n<\/div>\n\n\n<p class=\"wp-block-paragraph\"><\/p>\n","protected":false},"excerpt":{"rendered":"<p>Vendredi 15 avril 2022 | 11h00\u00c9glise Saint Th\u00e9odule | Gruy\u00e8res Entr\u00e9e libre | Collecte Programme<\/p>\n","protected":false},"author":5,"featured_media":0,"parent":0,"menu_order":0,"comment_status":"closed","ping_status":"closed","template":"","meta":{"footnotes":""},"class_list":["post-916","page","type-page","status-publish","hentry"],"_links":{"self":[{"href":"https:\/\/www.choeurdemay.ch\/index.php?rest_route=\/wp\/v2\/pages\/916","targetHints":{"allow":["GET"]}}],"collection":[{"href":"https:\/\/www.choeurdemay.ch\/index.php?rest_route=\/wp\/v2\/pages"}],"about":[{"href":"https:\/\/www.choeurdemay.ch\/index.php?rest_route=\/wp\/v2\/types\/page"}],"author":[{"embeddable":true,"href":"https:\/\/www.choeurdemay.ch\/index.php?rest_route=\/wp\/v2\/users\/5"}],"replies":[{"embeddable":true,"href":"https:\/\/www.choeurdemay.ch\/index.php?rest_route=%2Fwp%2Fv2%2Fcomments&post=916"}],"version-history":[{"count":5,"href":"https:\/\/www.choeurdemay.ch\/index.php?rest_route=\/wp\/v2\/pages\/916\/revisions"}],"predecessor-version":[{"id":1277,"href":"https:\/\/www.choeurdemay.ch\/index.php?rest_route=\/wp\/v2\/pages\/916\/revisions\/1277"}],"wp:attachment":[{"href":"https:\/\/www.choeurdemay.ch\/index.php?rest_route=%2Fwp%2Fv2%2Fmedia&parent=916"}],"curies":[{"name":"wp","href":"https:\/\/api.w.org\/{rel}","templated":true}]}}