{"id":64,"date":"2016-04-03T22:48:56","date_gmt":"2016-04-03T20:48:56","guid":{"rendered":"http:\/\/choeurdemay.ch\/wordpress\/?page_id=64"},"modified":"2017-03-21T00:28:48","modified_gmt":"2017-03-20T22:28:48","slug":"repertoire","status":"publish","type":"page","link":"https:\/\/www.choeurdemay.ch\/?page_id=64","title":{"rendered":"R\u00e9pertoire"},"content":{"rendered":"<p align=\"justify\">Si son r\u00e9pertoire initial s\u2019\u00e9tendait de la Renaissance \u00e0 l\u2019\u00e2ge baroque (Vittoria, Gombert, Sch\u00fctz, Graun,\u2026), le Ch\u0153ur de May explore \u00e9galement avec int\u00e9r\u00eat des rivages plus contemporains, pr\u00e9sentant des \u0153uvres de Franck, Rheinberger, Tavener notamment, mais aussi avec le Ch\u0153ur de Chambre de l\u2019Universit\u00e9 de Fribourg, la <em>Messe en Ut mineur<\/em> de Mozart, sous la direction de Pascal Mayer, les Cantate BWV 23, 131 et 182 de Johann Sebastian Bach ou encore le <em>Te Deum de Dettingen <\/em>de Georg Friedrich Haendel ou le <em>Miserere<\/em> de Johann Adolf Hasse. Il a f\u00eat\u00e9 ses 15 ans avec le <em>Requiem<\/em> de Mozart en 2013. Il a chant\u00e9 le <em>Requiem<\/em> de Faur\u00e9 et la <em>Messe du Couronnement<\/em> de Mozart en 2015 avec la C\u00e9cilienne de La Tour-de-Tr\u00eame<\/p>\n<p align=\"justify\">Lors de ses traditionnels concerts du Vendredi Saint, le Ch\u0153ur de May a fait d\u00e9couvrir \u00e0 ses auditeurs des univers aussi divers que ceux d\u2019Allegri (<em>Miserere<\/em>), de Buxtehude (<em>Membra Jesu Nostri<\/em>), de Tallis (<em>Lamentations<\/em>), de Cavalli (<em>Missa pro defunctis<\/em>), de Gounod (L<em>es Sept paroles du Christ sur la Croix)<\/em> ou du contemporain Arvo P\u00e4rt (<em>Salve Regina<\/em> et <em>Littlemore Tractus<\/em>).<\/p>\n<p align=\"justify\">Des compositions profanes \u00e9largissent son r\u00e9pertoire, puisant dans le grand catalogue des chansons de la Renaissance mais aussi dans celui des chants populaires. Le Ch\u0153ur de May poss\u00e8de \u00e9galement un r\u00e9pertoire chant\u00e9 lors des mariages et ap\u00e9ritifs qu\u2019il anime.<\/p>\n<p align=\"justify\">\n<table id=\"tablepress-1\" class=\"tablepress tablepress-id-1\">\n<thead>\n<tr class=\"row-1\">\n\t<th class=\"column-1\">P\u00e9riode<\/th><th class=\"column-2\">Compositeur<\/th><th class=\"column-3\">Ann\u00e9e<\/th><th class=\"column-4\">Titre<\/th>\n<\/tr>\n<\/thead>\n<tbody class=\"row-striping row-hover\">\n<tr class=\"row-2\">\n\t<td class=\"column-1\">Chant gr\u00e9gorien<\/td><td class=\"column-2\">Te Deum (ton simple)<\/td><td class=\"column-3\"><\/td><td class=\"column-4\"><\/td>\n<\/tr>\n<tr class=\"row-3\">\n\t<td class=\"column-1\">Chant gr\u00e9gorien<\/td><td class=\"column-2\">Credo III<\/td><td class=\"column-3\"><\/td><td class=\"column-4\"><\/td>\n<\/tr>\n<tr class=\"row-4\">\n\t<td class=\"column-1\">Chant gr\u00e9gorien<\/td><td class=\"column-2\">Kyrie XI<\/td><td class=\"column-3\"><\/td><td class=\"column-4\"><\/td>\n<\/tr>\n<tr class=\"row-5\">\n\t<td class=\"column-1\">Chant gr\u00e9gorien<\/td><td class=\"column-2\">Agnus Dei XI<\/td><td class=\"column-3\"><\/td><td class=\"column-4\"><\/td>\n<\/tr>\n<tr class=\"row-6\">\n\t<td class=\"column-1\">Chant gr\u00e9gorien<\/td><td class=\"column-2\">Asperges me<\/td><td class=\"column-3\"><\/td><td class=\"column-4\"><\/td>\n<\/tr>\n<tr class=\"row-7\">\n\t<td class=\"column-1\">Chant gr\u00e9gorien<\/td><td class=\"column-2\">Ad te levavi<\/td><td class=\"column-3\"><\/td><td class=\"column-4\">Intro\u00eft du 1er dimanche de l'Avent<\/td>\n<\/tr>\n<tr class=\"row-8\">\n\t<td class=\"column-1\">Chant gr\u00e9gorien<\/td><td class=\"column-2\">Alleluia \u00ab\u00a0Laetatus sum\u00a0\u00bb<\/td><td class=\"column-3\"><\/td><td class=\"column-4\">Alleluia du 2\u00e8me dimanche de l'Avent<\/td>\n<\/tr>\n<tr class=\"row-9\">\n\t<td class=\"column-1\">Chant gr\u00e9gorien<\/td><td class=\"column-2\">Alleluia \u00ab\u00a0Dominus dixit\u00a0\u00bb<\/td><td class=\"column-3\"><\/td><td class=\"column-4\">Alleluia de la messe de la Nuit de No\u00ebl<\/td>\n<\/tr>\n<tr class=\"row-10\">\n\t<td class=\"column-1\">Chant gr\u00e9gorien<\/td><td class=\"column-2\">Attende Domine<\/td><td class=\"column-3\"><\/td><td class=\"column-4\">Hymne pour le temps du Car\u00eame<\/td>\n<\/tr>\n<tr class=\"row-11\">\n\t<td class=\"column-1\">Chant gr\u00e9gorien<\/td><td class=\"column-2\">Ave Maria<\/td><td class=\"column-3\"><\/td><td class=\"column-4\"><\/td>\n<\/tr>\n<tr class=\"row-12\">\n\t<td class=\"column-1\">Chant gr\u00e9gorien<\/td><td class=\"column-2\">Dominus dixit ad me<\/td><td class=\"column-3\"><\/td><td class=\"column-4\">Intro\u00eft de la messe de la Nuit de No\u00ebl<\/td>\n<\/tr>\n<tr class=\"row-13\">\n\t<td class=\"column-1\">Chant gr\u00e9gorien<\/td><td class=\"column-2\">Puer natus est<\/td><td class=\"column-3\"><\/td><td class=\"column-4\">Intro\u00eft de la messe du jour de No\u00ebl\u00a0<\/td>\n<\/tr>\n<tr class=\"row-14\">\n\t<td class=\"column-1\">Chant gr\u00e9gorien<\/td><td class=\"column-2\">Nunc scio vere<\/td><td class=\"column-3\"><\/td><td class=\"column-4\">Intro\u00eft de la f\u00eate de Saints Pierre et Paul<\/td>\n<\/tr>\n<tr class=\"row-15\">\n\t<td class=\"column-1\">Chant gr\u00e9gorien<\/td><td class=\"column-2\">Alleluia \u00ab\u00a0Tu es Petrus \u00bb<\/td><td class=\"column-3\"><\/td><td class=\"column-4\">Alleluia de la f\u00eate de Saints Pierre et Paul<\/td>\n<\/tr>\n<tr class=\"row-16\">\n\t<td class=\"column-1\">Chant gr\u00e9gorien<\/td><td class=\"column-2\">Salve sancta parens<\/td><td class=\"column-3\"><\/td><td class=\"column-4\">Intro\u00eft de la f\u00eate de la Nativit\u00e9 de la Vierge<\/td>\n<\/tr>\n<tr class=\"row-17\">\n\t<td class=\"column-1\">Chant gr\u00e9gorien<\/td><td class=\"column-2\">Attende Domine<\/td><td class=\"column-3\"><\/td><td class=\"column-4\">Hymne pour le temps de Car\u00eame<audio class=\"wp-audio-shortcode\" id=\"audio-64-1\" preload=\"none\" style=\"width: 100%;\" controls=\"controls\"><source type=\"audio\/mpeg\" src=\"http:\/\/choeurdemay.ch\/wordpress\/wp-content\/uploads\/2016\/04\/01-Track-1.mp3?_=1\" \/><a href=\"http:\/\/choeurdemay.ch\/wordpress\/wp-content\/uploads\/2016\/04\/01-Track-1.mp3\">http:\/\/choeurdemay.ch\/wordpress\/wp-content\/uploads\/2016\/04\/01-Track-1.mp3<\/a><\/audio><\/td>\n<\/tr>\n<tr class=\"row-18\">\n\t<td class=\"column-1\">Renaissance<\/td><td class=\"column-2\">Jacques Arcadelt<\/td><td class=\"column-3\">1504\/05-1568<\/td><td class=\"column-4\">Hodie beata virgo Maria<\/td>\n<\/tr>\n<tr class=\"row-19\">\n\t<td class=\"column-1\">Renaissance<\/td><td class=\"column-2\">Gregorio Allegri<\/td><td class=\"column-3\">1582-1652<\/td><td class=\"column-4\">Miserere<\/td>\n<\/tr>\n<tr class=\"row-20\">\n\t<td class=\"column-1\">Renaissance<\/td><td class=\"column-2\">Loys Bourgeois<\/td><td class=\"column-3\">1510\/15-1559<\/td><td class=\"column-4\">Wenn der Herr einst die Gefangnen (Psalm 126)<\/td>\n<\/tr>\n<tr class=\"row-21\">\n\t<td class=\"column-1\">Renaissance<\/td><td class=\"column-2\">Johann Christenius<\/td><td class=\"column-3\">1565-1626<\/td><td class=\"column-4\">Jerusalem, die du t\u00f6test die Propheten<\/td>\n<\/tr>\n<tr class=\"row-22\">\n\t<td class=\"column-1\">Renaissance<\/td><td class=\"column-2\">Gallus Dressler<\/td><td class=\"column-3\">1533-1589?<\/td><td class=\"column-4\">Das ist der Wille<\/td>\n<\/tr>\n<tr class=\"row-23\">\n\t<td class=\"column-1\">Renaissance<\/td><td class=\"column-2\">Guillaume Franc<\/td><td class=\"column-3\">1505-1570<\/td><td class=\"column-4\">Nun saget Dank\u2026(Psalm 118)<\/td>\n<\/tr>\n<tr class=\"row-24\">\n\t<td class=\"column-1\">Renaissance<\/td><td class=\"column-2\">Guillaume Franc<\/td><td class=\"column-3\">1505-1570<\/td><td class=\"column-4\">Jauchzt, alle Lande\u2026(Psalm 66)<\/td>\n<\/tr>\n<tr class=\"row-25\">\n\t<td class=\"column-1\">Renaissance<\/td><td class=\"column-2\">Nicolas Gombert<\/td><td class=\"column-3\">1490-1510<\/td><td class=\"column-4\">Ave maria<audio class=\"wp-audio-shortcode\" id=\"audio-64-2\" preload=\"none\" style=\"width: 100%;\" controls=\"controls\"><source type=\"audio\/mpeg\" src=\"http:\/\/choeurdemay.ch\/wp-content\/uploads\/2016\/04\/06-Track-6.mp3?_=2\" \/><a href=\"http:\/\/choeurdemay.ch\/wp-content\/uploads\/2016\/04\/06-Track-6.mp3\">http:\/\/choeurdemay.ch\/wp-content\/uploads\/2016\/04\/06-Track-6.mp3<\/a><\/audio><\/td>\n<\/tr>\n<tr class=\"row-26\">\n\t<td class=\"column-1\">Renaissance<\/td><td class=\"column-2\">Jacob Handl<\/td><td class=\"column-3\">1550-1591<\/td><td class=\"column-4\">Surrexit dominus<\/td>\n<\/tr>\n<tr class=\"row-27\">\n\t<td class=\"column-1\">Renaissance<\/td><td class=\"column-2\">Marc\u2019Antonio Ingegneri<\/td><td class=\"column-3\">1545-1592<\/td><td class=\"column-4\">Tenebrae Factae Sunt<\/td>\n<\/tr>\n<tr class=\"row-28\">\n\t<td class=\"column-1\">Renaissance<\/td><td class=\"column-2\">Leonhard Lechner<\/td><td class=\"column-3\">Vers 1553-1606<\/td><td class=\"column-4\">Magnificat primi toni<\/td>\n<\/tr>\n<tr class=\"row-29\">\n\t<td class=\"column-1\">Renaissance<\/td><td class=\"column-2\">Andreas Raselius<\/td><td class=\"column-3\">1561\/63-1602<\/td><td class=\"column-4\">Am 2. Sonntag nach Epiphanias<\/td>\n<\/tr>\n<tr class=\"row-30\">\n\t<td class=\"column-1\">Renaissance<\/td><td class=\"column-2\">Francesco Soriano<\/td><td class=\"column-3\">1591-1621<\/td><td class=\"column-4\">Ave Regina Caelorum<\/td>\n<\/tr>\n<tr class=\"row-31\">\n\t<td class=\"column-1\">Renaissance<\/td><td class=\"column-2\">Thomas Tallis<\/td><td class=\"column-3\">1505 - 1585<\/td><td class=\"column-4\">Lamentationes Jeremiae prophetae (n\u00b01)<\/td>\n<\/tr>\n<tr class=\"row-32\">\n\t<td class=\"column-1\">Renaissance<\/td><td class=\"column-2\">Tomas Luis de Victoria<\/td><td class=\"column-3\">Vers 1548-1611<\/td><td class=\"column-4\">Animam meam dilectam (R\u00e9pons de T\u00e9n\u00e8bres)<\/td>\n<\/tr>\n<tr class=\"row-33\">\n\t<td class=\"column-1\">Renaissance<\/td><td class=\"column-2\">Tomas Luis de Victoria<\/td><td class=\"column-3\">Vers 1548-1611<\/td><td class=\"column-4\">Ave maria<audio class=\"wp-audio-shortcode\" id=\"audio-64-3\" preload=\"none\" style=\"width: 100%;\" controls=\"controls\"><source type=\"audio\/mpeg\" src=\"http:\/\/choeurdemay.ch\/wp-content\/uploads\/2016\/04\/02-Track-2.mp3?_=3\" \/><a href=\"http:\/\/choeurdemay.ch\/wp-content\/uploads\/2016\/04\/02-Track-2.mp3\">http:\/\/choeurdemay.ch\/wp-content\/uploads\/2016\/04\/02-Track-2.mp3<\/a><\/audio><\/td>\n<\/tr>\n<tr class=\"row-34\">\n\t<td class=\"column-1\">Renaissance<\/td><td class=\"column-2\">Tomas Luis de Victoria<\/td><td class=\"column-3\">Vers 1548-1611<\/td><td class=\"column-4\">Caligaverunt me (R\u00e9pons de T\u00e9n\u00e8bres)<\/td>\n<\/tr>\n<tr class=\"row-35\">\n\t<td class=\"column-1\">Renaissance<\/td><td class=\"column-2\">Tomas Luis de Victoria<\/td><td class=\"column-3\">Vers 1548-1611<\/td><td class=\"column-4\">Jesu Dulcis Memoria<\/td>\n<\/tr>\n<tr class=\"row-36\">\n\t<td class=\"column-1\">Renaissance<\/td><td class=\"column-2\">Tomas Luis de Victoria<\/td><td class=\"column-3\">Vers 1548-1611<\/td><td class=\"column-4\">Messe \"O magnum mysterium\"<\/td>\n<\/tr>\n<tr class=\"row-37\">\n\t<td class=\"column-1\">Renaissance<\/td><td class=\"column-2\">Tomas Luis de Victoria<\/td><td class=\"column-3\">Vers 1548-1611<\/td><td class=\"column-4\">Magi viderunt stellam<\/td>\n<\/tr>\n<tr class=\"row-38\">\n\t<td class=\"column-1\">Renaissance<\/td><td class=\"column-2\">Tomas Luis de Victoria\u00a0\u00a0\u00a0\u00a0<\/td><td class=\"column-3\">Vers 1548-1611<\/td><td class=\"column-4\">Popule Meus<\/td>\n<\/tr>\n<tr class=\"row-39\">\n\t<td class=\"column-1\">Renaissance<\/td><td class=\"column-2\">Tomas Luis de Victoria<\/td><td class=\"column-3\">Vers 1548-1611\u00a0<\/td><td class=\"column-4\">Tamquam ad latronem (R\u00e9pons de T\u00e9n\u00e8bres)<\/td>\n<\/tr>\n<tr class=\"row-40\">\n\t<td class=\"column-1\">Renaissance<\/td><td class=\"column-2\">Tomas Luis de Victoria<\/td><td class=\"column-3\">Vers 1548-1611<\/td><td class=\"column-4\">Tenebrae factae sunt (R\u00e9pons de T\u00e9n\u00e8bres)<\/td>\n<\/tr>\n<tr class=\"row-41\">\n\t<td class=\"column-1\">Renaissance<\/td><td class=\"column-2\">Tomas Luis de Victoria<\/td><td class=\"column-3\">Vers 1548-1611<\/td><td class=\"column-4\">Tradiderunt me (R\u00e9pons de T\u00e9n\u00e8bres)<\/td>\n<\/tr>\n<tr class=\"row-42\">\n\t<td class=\"column-1\">Age baroque<\/td><td class=\"column-2\">Claudio Monteverdi<\/td><td class=\"column-3\">1567-1643<\/td><td class=\"column-4\">Vespro della Beata Vergine<\/td>\n<\/tr>\n<tr class=\"row-43\">\n\t<td class=\"column-1\">Age baroque<\/td><td class=\"column-2\">Johann Ludwig Bach<\/td><td class=\"column-3\">1677-1731<\/td><td class=\"column-4\">Uns ist ein Kind geboren<\/td>\n<\/tr>\n<tr class=\"row-44\">\n\t<td class=\"column-1\">Age baroque<\/td><td class=\"column-2\">Johann Sebastian Bach<\/td><td class=\"column-3\">1685-1750<\/td><td class=\"column-4\">Vater unser im Himmelreich (Johannespassion)<\/td>\n<\/tr>\n<tr class=\"row-45\">\n\t<td class=\"column-1\">Age baroque<\/td><td class=\"column-2\">Johann Sebastian Bach<\/td><td class=\"column-3\">1685-1750<\/td><td class=\"column-4\">Cantate BWV 23 : Du wahrer Gott und Davids Sohn<\/td>\n<\/tr>\n<tr class=\"row-46\">\n\t<td class=\"column-1\">Age baroque<\/td><td class=\"column-2\">Johann Sebastian Bach<\/td><td class=\"column-3\">1685-1750<\/td><td class=\"column-4\">Cantate BWV 131: Aus der Tiefen rufe ich Herr zu Dir<\/td>\n<\/tr>\n<tr class=\"row-47\">\n\t<td class=\"column-1\">Age baroque<\/td><td class=\"column-2\">Johann Sebastian Bach<\/td><td class=\"column-3\">1685-1750<\/td><td class=\"column-4\">Cantate BWV 182 : Himmelsk\u00f6nig, sei willkommen<\/td>\n<\/tr>\n<tr class=\"row-48\">\n\t<td class=\"column-1\">Age baroque<\/td><td class=\"column-2\">Francesco Maria Benedetti<\/td><td class=\"column-3\">1683-1746<\/td><td class=\"column-4\">Ecce annuntio vobis<\/td>\n<\/tr>\n<tr class=\"row-49\">\n\t<td class=\"column-1\">Age baroque<\/td><td class=\"column-2\">Dietrich Buxtehude<\/td><td class=\"column-3\">1637-1707<\/td><td class=\"column-4\">Cantate chorale BuxWV 103 : Walt Gott, mein Werk ich lasse<\/td>\n<\/tr>\n<tr class=\"row-50\">\n\t<td class=\"column-1\">Age baroque<\/td><td class=\"column-2\">Marc-Antoine Charpentier<\/td><td class=\"column-3\">1643-1704<\/td><td class=\"column-4\">Stabat Mater pour des religieuses<\/td>\n<\/tr>\n<tr class=\"row-51\">\n\t<td class=\"column-1\">Age baroque<\/td><td class=\"column-2\">Francesco Durante<\/td><td class=\"column-3\">1685-1755<\/td><td class=\"column-4\">Magnificat<\/td>\n<\/tr>\n<tr class=\"row-52\">\n\t<td class=\"column-1\">Age baroque<\/td><td class=\"column-2\">Andreas Hammerschmidt<\/td><td class=\"column-3\">1611?-1675<\/td><td class=\"column-4\">Freude, Freude, grosse Freude<\/td>\n<\/tr>\n<tr class=\"row-53\">\n\t<td class=\"column-1\">Age baroque<\/td><td class=\"column-2\">Andreas Hammerschmidt<\/td><td class=\"column-3\">1611?-1675<\/td><td class=\"column-4\">Ihr lieben Hirten, f\u00fcrchtet euch nicht<\/td>\n<\/tr>\n<tr class=\"row-54\">\n\t<td class=\"column-1\">Age baroque<\/td><td class=\"column-2\">Georg Friedrich Haendel<\/td><td class=\"column-3\">1685-1759<\/td><td class=\"column-4\">Te Deum de Dettingen<\/td>\n<\/tr>\n<tr class=\"row-55\">\n\t<td class=\"column-1\">Age baroque<\/td><td class=\"column-2\">Johann Adolf Hasse<\/td><td class=\"column-3\">1699-1783<\/td><td class=\"column-4\">Miserere en ut mineur<\/td>\n<\/tr>\n<tr class=\"row-56\">\n\t<td class=\"column-1\">Age baroque<\/td><td class=\"column-2\">Gottfried August Homilius<\/td><td class=\"column-3\">1714-1785<\/td><td class=\"column-4\">Ich freue mich im Herrn<\/td>\n<\/tr>\n<tr class=\"row-57\">\n\t<td class=\"column-1\">Age baroque<\/td><td class=\"column-2\">Claudio Monteverdi<\/td><td class=\"column-3\">1567-1643<\/td><td class=\"column-4\">Litaniae Lauretanae (Litanies \u00e0 la Vierge de Lorette)<\/td>\n<\/tr>\n<tr class=\"row-58\">\n\t<td class=\"column-1\">Age baroque<\/td><td class=\"column-2\">Johann Pachelbel<\/td><td class=\"column-3\">1653-1706<\/td><td class=\"column-4\">Magnificat<\/td>\n<\/tr>\n<tr class=\"row-59\">\n\t<td class=\"column-1\">Age baroque<\/td><td class=\"column-2\">Guiseppe Ottavio Pitoni<\/td><td class=\"column-3\">1657-1743<\/td><td class=\"column-4\">Cantate Domino<\/td>\n<\/tr>\n<tr class=\"row-60\">\n\t<td class=\"column-1\">Age baroque<\/td><td class=\"column-2\">Henry Purcell<\/td><td class=\"column-3\">1659-1695<\/td><td class=\"column-4\">Cantate Domino<\/td>\n<\/tr>\n<tr class=\"row-61\">\n\t<td class=\"column-1\">Age baroque<\/td><td class=\"column-2\">Henry Purcell<\/td><td class=\"column-3\">1659-1695<\/td><td class=\"column-4\">I Was Glad\u00a0\u00a0\u00a0<\/td>\n<\/tr>\n<tr class=\"row-62\">\n\t<td class=\"column-1\">Age baroque<\/td><td class=\"column-2\">Henry Purcell<\/td><td class=\"column-3\">1659-1695<\/td><td class=\"column-4\">Lord, How Long Wilt Thou Be Angry<\/td>\n<\/tr>\n<tr class=\"row-63\">\n\t<td class=\"column-1\">Age baroque<\/td><td class=\"column-2\">Henry Purcell<\/td><td class=\"column-3\">1659-1695<\/td><td class=\"column-4\">O God, Thou Art My God\u00a0\u00a0\u00a0<\/td>\n<\/tr>\n<tr class=\"row-64\">\n\t<td class=\"column-1\">Age baroque<\/td><td class=\"column-2\">R. Quignard<\/td><td class=\"column-3\"><\/td><td class=\"column-4\">Magnificat sur le VIIIe ton<\/td>\n<\/tr>\n<tr class=\"row-65\">\n\t<td class=\"column-1\">Age baroque<\/td><td class=\"column-2\">Heinrich Sch\u00fctz<\/td><td class=\"column-3\">1585-1672<\/td><td class=\"column-4\">Ach bleib mit deiner Gnade (SWV 445)<\/td>\n<\/tr>\n<tr class=\"row-66\">\n\t<td class=\"column-1\">Age baroque<\/td><td class=\"column-2\">Heinrich Sch\u00fctz<\/td><td class=\"column-3\">1585-1672<\/td><td class=\"column-4\">Also hat Gott die Welt geliebt (SWV 380)<\/td>\n<\/tr>\n<tr class=\"row-67\">\n\t<td class=\"column-1\">Age baroque<\/td><td class=\"column-2\">Heinrich Sch\u00fctz<\/td><td class=\"column-3\">1585-1672<\/td><td class=\"column-4\">Dank sagen wir alle (SWV 425)<\/td>\n<\/tr>\n<tr class=\"row-68\">\n\t<td class=\"column-1\">Age baroque<\/td><td class=\"column-2\">Heinrich Sch\u00fctz<\/td><td class=\"column-3\">1585-1672<\/td><td class=\"column-4\">Ehre sei dem Vater (SWV 426)<\/td>\n<\/tr>\n<tr class=\"row-69\">\n\t<td class=\"column-1\">Age baroque<\/td><td class=\"column-2\">Heinrich Sch\u00fctz<\/td><td class=\"column-3\">1585-1672<\/td><td class=\"column-4\">Historia der Geburt Jesu Christi<\/td>\n<\/tr>\n<tr class=\"row-70\">\n\t<td class=\"column-1\">Age baroque<\/td><td class=\"column-2\">Heinrich Sch\u00fctz<\/td><td class=\"column-3\">1585-1672<\/td><td class=\"column-4\">(SWV 435, 435a)<\/td>\n<\/tr>\n<tr class=\"row-71\">\n\t<td class=\"column-1\">Age baroque<\/td><td class=\"column-2\">Heinrich Sch\u00fctz<\/td><td class=\"column-3\">1585-1672<\/td><td class=\"column-4\">Lobe den Herrn, meine Seele<\/td>\n<\/tr>\n<tr class=\"row-72\">\n\t<td class=\"column-1\">P\u00e9riode classique<\/td><td class=\"column-2\">Wolfgang Amadeus Mozart<\/td><td class=\"column-3\">1756-1791<\/td><td class=\"column-4\">Missa brevis in B<\/td>\n<\/tr>\n<tr class=\"row-73\">\n\t<td class=\"column-1\">P\u00e9riode classique<\/td><td class=\"column-2\">Wolfgang Amadeus Mozart<\/td><td class=\"column-3\">1756-1791<\/td><td class=\"column-4\">Messe en Ut Mineur<\/td>\n<\/tr>\n<tr class=\"row-74\">\n\t<td class=\"column-1\">P\u00e9riode classique<\/td><td class=\"column-2\">Wolfgang Amadeus Mozart<\/td><td class=\"column-3\">1756-1791<\/td><td class=\"column-4\">Regina Coeli<\/td>\n<\/tr>\n<tr class=\"row-75\">\n\t<td class=\"column-1\">P\u00e9riode classique<\/td><td class=\"column-2\">Carl Heinrich Graun<\/td><td class=\"column-3\">1703-1759<\/td><td class=\"column-4\">Herr, ich habe lieb die St\u00e4tte deines Hauses<\/td>\n<\/tr>\n<tr class=\"row-76\">\n\t<td class=\"column-1\">P\u00e9riode classique<\/td><td class=\"column-2\">Carl Heinrich Graun<\/td><td class=\"column-3\">1703-1759<\/td><td class=\"column-4\">Lasset uns aufsehen auf Jesum<\/td>\n<\/tr>\n<tr class=\"row-77\">\n\t<td class=\"column-1\">P\u00e9riode classique<\/td><td class=\"column-2\">Carl Heinrich Graun<\/td><td class=\"column-3\">1703-1759<\/td><td class=\"column-4\">Lasset uns freuen und fr\u00f6hlich sein<\/td>\n<\/tr>\n<tr class=\"row-78\">\n\t<td class=\"column-1\">P\u00e9riode classique<\/td><td class=\"column-2\">Carl Heinrich Graun<\/td><td class=\"column-3\">1703-1759<\/td><td class=\"column-4\">Selig sind, die zu dem Abendmahl<audio class=\"wp-audio-shortcode\" id=\"audio-64-4\" preload=\"none\" style=\"width: 100%;\" controls=\"controls\"><source type=\"audio\/mpeg\" src=\"http:\/\/choeurdemay.ch\/wp-content\/uploads\/2016\/04\/02-Track-2.mp3?_=4\" \/><a href=\"http:\/\/choeurdemay.ch\/wp-content\/uploads\/2016\/04\/02-Track-2.mp3\">http:\/\/choeurdemay.ch\/wp-content\/uploads\/2016\/04\/02-Track-2.mp3<\/a><\/audio><\/td>\n<\/tr>\n<tr class=\"row-79\">\n\t<td class=\"column-1\">P\u00e9riode classique<\/td><td class=\"column-2\">Gottfried August Homilius<\/td><td class=\"column-3\">1714-1785<\/td><td class=\"column-4\">Ich freue mich im Herrn<\/td>\n<\/tr>\n<tr class=\"row-80\">\n\t<td class=\"column-1\">P\u00e9riode romantique<\/td><td class=\"column-2\">Johannes Brahms<\/td><td class=\"column-3\">1833-1897<\/td><td class=\"column-4\">Mit Fried und Freud ich fahr darin<\/td>\n<\/tr>\n<tr class=\"row-81\">\n\t<td class=\"column-1\">P\u00e9riode romantique<\/td><td class=\"column-2\">Anton Bruckner<\/td><td class=\"column-3\">1824-1896<\/td><td class=\"column-4\">Messe en Do<\/td>\n<\/tr>\n<tr class=\"row-82\">\n\t<td class=\"column-1\">P\u00e9riode romantique<\/td><td class=\"column-2\">Gabriel Faur\u00e9<\/td><td class=\"column-3\">1845-1924<\/td><td class=\"column-4\">Benedictus<\/td>\n<\/tr>\n<tr class=\"row-83\">\n\t<td class=\"column-1\">P\u00e9riode romantique<\/td><td class=\"column-2\">Gabriel Faur\u00e9<\/td><td class=\"column-3\">1845-1924<\/td><td class=\"column-4\">Cantique de Jean Racine<audio class=\"wp-audio-shortcode\" id=\"audio-64-5\" preload=\"none\" style=\"width: 100%;\" controls=\"controls\"><source type=\"audio\/mpeg\" src=\"http:\/\/choeurdemay.ch\/wp-content\/uploads\/2016\/04\/05-Track-5.mp3?_=5\" \/><a href=\"http:\/\/choeurdemay.ch\/wp-content\/uploads\/2016\/04\/05-Track-5.mp3\">http:\/\/choeurdemay.ch\/wp-content\/uploads\/2016\/04\/05-Track-5.mp3<\/a><\/audio><\/td>\n<\/tr>\n<tr class=\"row-84\">\n\t<td class=\"column-1\">P\u00e9riode romantique<\/td><td class=\"column-2\">Gabriel Faur\u00e9<\/td><td class=\"column-3\">1845-1924<\/td><td class=\"column-4\">Ecce fidelis servus<\/td>\n<\/tr>\n<tr class=\"row-85\">\n\t<td class=\"column-1\">P\u00e9riode romantique<\/td><td class=\"column-2\">C\u00e9sar Franck<\/td><td class=\"column-3\">1822-1890<\/td><td class=\"column-4\">Ave Maria<\/td>\n<\/tr>\n<tr class=\"row-86\">\n\t<td class=\"column-1\">P\u00e9riode romantique<\/td><td class=\"column-2\">C\u00e9sar Franck<\/td><td class=\"column-3\">1822-1890<\/td><td class=\"column-4\">Dextera Domini<\/td>\n<\/tr>\n<tr class=\"row-87\">\n\t<td class=\"column-1\">P\u00e9riode romantique<\/td><td class=\"column-2\">C\u00e9sar Franck<\/td><td class=\"column-3\">1822-1890<\/td><td class=\"column-4\">Domine Deus in simplicitate<\/td>\n<\/tr>\n<tr class=\"row-88\">\n\t<td class=\"column-1\">P\u00e9riode romantique<\/td><td class=\"column-2\">C\u00e9sar Franck<\/td><td class=\"column-3\">1822-1890<\/td><td class=\"column-4\">Domine non secundum<audio class=\"wp-audio-shortcode\" id=\"audio-64-6\" preload=\"none\" style=\"width: 100%;\" controls=\"controls\"><source type=\"audio\/mpeg\" src=\"http:\/\/choeurdemay.ch\/wordpress\/wp-content\/uploads\/2016\/04\/04-Track-4.mp3?_=6\" \/><a href=\"http:\/\/choeurdemay.ch\/wordpress\/wp-content\/uploads\/2016\/04\/04-Track-4.mp3\">http:\/\/choeurdemay.ch\/wordpress\/wp-content\/uploads\/2016\/04\/04-Track-4.mp3<\/a><\/audio><\/td>\n<\/tr>\n<tr class=\"row-89\">\n\t<td class=\"column-1\">P\u00e9riode romantique<\/td><td class=\"column-2\">C\u00e9sar Franck<\/td><td class=\"column-3\">1822-1890<\/td><td class=\"column-4\">O Salutaris<\/td>\n<\/tr>\n<tr class=\"row-90\">\n\t<td class=\"column-1\">P\u00e9riode romantique<\/td><td class=\"column-2\">C\u00e9sar Franck<\/td><td class=\"column-3\">1822-1890<\/td><td class=\"column-4\">Psaume 150<\/td>\n<\/tr>\n<tr class=\"row-91\">\n\t<td class=\"column-1\">P\u00e9riode romantique<\/td><td class=\"column-2\">C\u00e9sar Franck<\/td><td class=\"column-3\">1822-1890<\/td><td class=\"column-4\">Quae est ista<\/td>\n<\/tr>\n<tr class=\"row-92\">\n\t<td class=\"column-1\">P\u00e9riode romantique<\/td><td class=\"column-2\">C\u00e9sar Franck<\/td><td class=\"column-3\">1822-1890<\/td><td class=\"column-4\">Quare fremuerunt gentes<\/td>\n<\/tr>\n<tr class=\"row-93\">\n\t<td class=\"column-1\">P\u00e9riode romantique<\/td><td class=\"column-2\">Charles Gounod<\/td><td class=\"column-3\">1818-1893<\/td><td class=\"column-4\">Les sept paroles du Christ sur la croix<\/td>\n<\/tr>\n<tr class=\"row-94\">\n\t<td class=\"column-1\">P\u00e9riode romantique<\/td><td class=\"column-2\">Charles Gounod<\/td><td class=\"column-3\">1818-1893<\/td><td class=\"column-4\">Ave Verum<\/td>\n<\/tr>\n<tr class=\"row-95\">\n\t<td class=\"column-1\">P\u00e9riode romantique<\/td><td class=\"column-2\">Eduard Grell<\/td><td class=\"column-3\">1800-1886<\/td><td class=\"column-4\">Selig sind die Sanftm\u00fctigen<\/td>\n<\/tr>\n<tr class=\"row-96\">\n\t<td class=\"column-1\">P\u00e9riode romantique<\/td><td class=\"column-2\">Edvard Grieg<\/td><td class=\"column-3\">1853-1907<\/td><td class=\"column-4\">Ave Maris Stella<\/td>\n<\/tr>\n<tr class=\"row-97\">\n\t<td class=\"column-1\">P\u00e9riode romantique<\/td><td class=\"column-2\">Franz Liszt<\/td><td class=\"column-3\">1811-1886<\/td><td class=\"column-4\">Salve Regina<\/td>\n<\/tr>\n<tr class=\"row-98\">\n\t<td class=\"column-1\">P\u00e9riode romantique<\/td><td class=\"column-2\">Sigfrid Karg-Elert<\/td><td class=\"column-3\">1877-1933<\/td><td class=\"column-4\">Vom Himmel hoch<\/td>\n<\/tr>\n<tr class=\"row-99\">\n\t<td class=\"column-1\">P\u00e9riode romantique<\/td><td class=\"column-2\">F\u00e9lix Mendelssohn<\/td><td class=\"column-3\">1809-1847<\/td><td class=\"column-4\">Denn er hat seinen Engeln, extrait de Elias<\/td>\n<\/tr>\n<tr class=\"row-100\">\n\t<td class=\"column-1\">P\u00e9riode romantique<\/td><td class=\"column-2\">Max Reger<\/td><td class=\"column-3\">1873-1916<\/td><td class=\"column-4\">Vom Himmel hoch, da komm ich her<\/td>\n<\/tr>\n<tr class=\"row-101\">\n\t<td class=\"column-1\">P\u00e9riode romantique<\/td><td class=\"column-2\">Josef Gabriel Rheinberger<\/td><td class=\"column-3\">1839-1901<\/td><td class=\"column-4\">De profundis<\/td>\n<\/tr>\n<tr class=\"row-102\">\n\t<td class=\"column-1\">P\u00e9riode romantique<\/td><td class=\"column-2\">Josef Gabriel Rheinberger<\/td><td class=\"column-3\">1839-1901<\/td><td class=\"column-4\">Ad te levavi<\/td>\n<\/tr>\n<tr class=\"row-103\">\n\t<td class=\"column-1\">P\u00e9riode romantique<\/td><td class=\"column-2\">Josef Gabriel Rheinberger<\/td><td class=\"column-3\">1839-1901<\/td><td class=\"column-4\">Meditabor<\/td>\n<\/tr>\n<tr class=\"row-104\">\n\t<td class=\"column-1\">P\u00e9riode romantique<\/td><td class=\"column-2\">Josef Gabriel Rheinberger<\/td><td class=\"column-3\">1839-1901<\/td><td class=\"column-4\">Prope est Dominus<\/td>\n<\/tr>\n<tr class=\"row-105\">\n\t<td class=\"column-1\">P\u00e9riode romantique<\/td><td class=\"column-2\">Josef Gabriel Rheinberger<\/td><td class=\"column-3\">1839-1901<\/td><td class=\"column-4\">Passionsgesang<\/td>\n<\/tr>\n<tr class=\"row-106\">\n\t<td class=\"column-1\">P\u00e9riode romantique<\/td><td class=\"column-2\">Josef Gabriel Rheinberger<\/td><td class=\"column-3\">1839-1901<\/td><td class=\"column-4\">Qui sedes<\/td>\n<\/tr>\n<tr class=\"row-107\">\n\t<td class=\"column-1\">P\u00e9riode romantique<\/td><td class=\"column-2\">Josef Gabriel Rheinberger<\/td><td class=\"column-3\">1839-1901<\/td><td class=\"column-4\">Stabat Mater<\/td>\n<\/tr>\n<tr class=\"row-108\">\n\t<td class=\"column-1\">P\u00e9riode romantique<\/td><td class=\"column-2\">Camille Saint-S\u00e4ens<\/td><td class=\"column-3\">1835-1921<\/td><td class=\"column-4\">Des pas dans l'all\u00e9e<\/td>\n<\/tr>\n<tr class=\"row-109\">\n\t<td class=\"column-1\">P\u00e9riode romantique<\/td><td class=\"column-2\">Camille Saint-S\u00e4ens<\/td><td class=\"column-3\">1835-1921<\/td><td class=\"column-4\">Les fleurs et les arbres<\/td>\n<\/tr>\n<tr class=\"row-110\">\n\t<td class=\"column-1\">P\u00e9riode romantique<\/td><td class=\"column-2\">Camille Saint-S\u00e4ens<\/td><td class=\"column-3\">1835-1921<\/td><td class=\"column-4\">Tollite Hostias<\/td>\n<\/tr>\n<tr class=\"row-111\">\n\t<td class=\"column-1\">P\u00e9riode romantique<\/td><td class=\"column-2\">Heinrich von Herzogenberg<\/td><td class=\"column-3\">1843-1900<\/td><td class=\"column-4\">Siehe, um trost war mir sehr bange<\/td>\n<\/tr>\n<tr class=\"row-112\">\n\t<td class=\"column-1\">P\u00e9riode contemporaine<\/td><td class=\"column-2\">Jehan Alain<\/td><td class=\"column-3\">1911-1940<\/td><td class=\"column-4\">Pri\u00e8re pour nous autres charnels<\/td>\n<\/tr>\n<tr class=\"row-113\">\n\t<td class=\"column-1\">P\u00e9riode contemporaine<\/td><td class=\"column-2\">Etienne Crausaz<\/td><td class=\"column-3\">N\u00e9 en 1981<\/td><td class=\"column-4\">Gloria<\/td>\n<\/tr>\n<tr class=\"row-114\">\n\t<td class=\"column-1\">P\u00e9riode contemporaine<\/td><td class=\"column-2\">Maurice Durufl\u00e9<\/td><td class=\"column-3\">1902-1986<\/td><td class=\"column-4\">Tu es Petrus<\/td>\n<\/tr>\n<tr class=\"row-115\">\n\t<td class=\"column-1\">P\u00e9riode contemporaine<\/td><td class=\"column-2\">Marcel Dupr\u00e9<\/td><td class=\"column-3\">1886-1971<\/td><td class=\"column-4\">Tantum Ergo<\/td>\n<\/tr>\n<tr class=\"row-116\">\n\t<td class=\"column-1\">P\u00e9riode contemporaine<\/td><td class=\"column-2\">Arthur Honegger<\/td><td class=\"column-3\">1892-1955<\/td><td class=\"column-4\">Choral - Alleluia (tir\u00e9 du Roi David)<\/td>\n<\/tr>\n<tr class=\"row-117\">\n\t<td class=\"column-1\">P\u00e9riode contemporaine<\/td><td class=\"column-2\">Egil Hovland<\/td><td class=\"column-3\">N\u00e9 en 1924<\/td><td class=\"column-4\">Og ordet ble kj\u00f8d<\/td>\n<\/tr>\n<tr class=\"row-118\">\n\t<td class=\"column-1\">P\u00e9riode contemporaine<\/td><td class=\"column-2\">Egil Hovland<\/td><td class=\"column-3\">N\u00e9 en 1924<\/td><td class=\"column-4\">De salige<\/td>\n<\/tr>\n<tr class=\"row-119\">\n\t<td class=\"column-1\">P\u00e9riode contemporaine<\/td><td class=\"column-2\">Egil Hovland<\/td><td class=\"column-3\">N\u00e9 en 1924<\/td><td class=\"column-4\">Hosianna i det h\u00f8yeste<\/td>\n<\/tr>\n<tr class=\"row-120\">\n\t<td class=\"column-1\">P\u00e9riode contemporaine<\/td><td class=\"column-2\">Gaston Litaize<\/td><td class=\"column-3\">1909-1991<\/td><td class=\"column-4\">Je vous salue Marie<\/td>\n<\/tr>\n<tr class=\"row-121\">\n\t<td class=\"column-1\">P\u00e9riode contemporaine<\/td><td class=\"column-2\">Gaston Litaize<\/td><td class=\"column-3\">1909-1991<\/td><td class=\"column-4\">Oraison dominicale<\/td>\n<\/tr>\n<tr class=\"row-122\">\n\t<td class=\"column-1\">P\u00e9riode contemporaine<\/td><td class=\"column-2\">Darius Milhaud<\/td><td class=\"column-3\">1872-1974<\/td><td class=\"column-4\">Laudate Dominum<\/td>\n<\/tr>\n<tr class=\"row-123\">\n\t<td class=\"column-1\">P\u00e9riode contemporaine<\/td><td class=\"column-2\">Knut Nystedt\u00a0\u00a0\u00a0<\/td><td class=\"column-3\">N\u00e9 en 1915<\/td><td class=\"column-4\">Thus saith the Lord\u00a0\u00a0\u00a0<\/td>\n<\/tr>\n<tr class=\"row-124\">\n\t<td class=\"column-1\">P\u00e9riode contemporaine<\/td><td class=\"column-2\">Knut Nystedt\u00a0\u00a0\u00a0<\/td><td class=\"column-3\">N\u00e9 en 1915<\/td><td class=\"column-4\">Peace I leave with you<\/td>\n<\/tr>\n<tr class=\"row-125\">\n\t<td class=\"column-1\">P\u00e9riode contemporaine<\/td><td class=\"column-2\">Knut Nystedt<\/td><td class=\"column-3\">N\u00e9 en 1915<\/td><td class=\"column-4\">I will Praise Thee, O Lord\u00a0\u00a0\u00a0<\/td>\n<\/tr>\n<tr class=\"row-126\">\n\t<td class=\"column-1\">P\u00e9riode contemporaine<\/td><td class=\"column-2\">Arvo P\u00e4rt<\/td><td class=\"column-3\">N\u00e9 en 1935<\/td><td class=\"column-4\">Da Pacem<\/td>\n<\/tr>\n<tr class=\"row-127\">\n\t<td class=\"column-1\">P\u00e9riode contemporaine<\/td><td class=\"column-2\">Arvo P\u00e4rt<\/td><td class=\"column-3\">N\u00e9 en 1935<\/td><td class=\"column-4\">Littlemore Tractus<\/td>\n<\/tr>\n<tr class=\"row-128\">\n\t<td class=\"column-1\">P\u00e9riode contemporaine<\/td><td class=\"column-2\">Arvo P\u00e4rt<\/td><td class=\"column-3\">N\u00e9 en 1935<\/td><td class=\"column-4\">Psaume 117, extrait de \"Zwei slawische Psalmen\"<\/td>\n<\/tr>\n<tr class=\"row-129\">\n\t<td class=\"column-1\">P\u00e9riode contemporaine<\/td><td class=\"column-2\">Arvo P\u00e4rt<\/td><td class=\"column-3\">N\u00e9 en 1935<\/td><td class=\"column-4\">Salve Regina<\/td>\n<\/tr>\n<tr class=\"row-130\">\n\t<td class=\"column-1\">P\u00e9riode contemporaine<\/td><td class=\"column-2\">Andr\u00e9 Sala<\/td><td class=\"column-3\">1899-1968<\/td><td class=\"column-4\">Veni Sancte Spiritus<\/td>\n<\/tr>\n<tr class=\"row-131\">\n\t<td class=\"column-1\">P\u00e9riode contemporaine<\/td><td class=\"column-2\">Wolfgang Stockmaier<\/td><td class=\"column-3\">N\u00e9 en 1937<\/td><td class=\"column-4\">Nun komm der Heiden Heiland<\/td>\n<\/tr>\n<tr class=\"row-132\">\n\t<td class=\"column-1\">P\u00e9riode contemporaine<\/td><td class=\"column-2\">Sir John Tavener<\/td><td class=\"column-3\">N\u00e9 en 1944<\/td><td class=\"column-4\">Exhortation\u00a0<\/td>\n<\/tr>\n<tr class=\"row-133\">\n\t<td class=\"column-1\">P\u00e9riode contemporaine<\/td><td class=\"column-2\">Sir John Tavener<\/td><td class=\"column-3\">N\u00e9 en 1944<\/td><td class=\"column-4\">As one who as slept<\/td>\n<\/tr>\n<tr class=\"row-134\">\n\t<td class=\"column-1\">No\u00ebls<\/td><td class=\"column-2\">Anonyme<\/td><td class=\"column-3\">XIIIe si\u00e8cle<\/td><td class=\"column-4\">Le sommeil de l'Enfant J\u00e9sus<\/td>\n<\/tr>\n<tr class=\"row-135\">\n\t<td class=\"column-1\">No\u00ebls<\/td><td class=\"column-2\">Joseph Bovet<\/td><td class=\"column-3\">1879-1951<\/td><td class=\"column-4\">O Nuit brillante<\/td>\n<\/tr>\n<tr class=\"row-136\">\n\t<td class=\"column-1\">No\u00ebls<\/td><td class=\"column-2\">Joseph Bovet<\/td><td class=\"column-3\">1879-1951<\/td><td class=\"column-4\">P\u00e8 v\u00e8 la Min\u00e9<\/td>\n<\/tr>\n<tr class=\"row-137\">\n\t<td class=\"column-1\">No\u00ebls<\/td><td class=\"column-2\">Carol traditionnel anglais<\/td><td class=\"column-3\"><\/td><td class=\"column-4\">Que l'on chante qu'on s'appr\u00eate<\/td>\n<\/tr>\n<tr class=\"row-138\">\n\t<td class=\"column-1\">No\u00ebls<\/td><td class=\"column-2\">Carol traditionnel anglais<\/td><td class=\"column-3\"><\/td><td class=\"column-4\">Ecoutez le ch\u0153ur des anges<\/td>\n<\/tr>\n<tr class=\"row-139\">\n\t<td class=\"column-1\">No\u00ebls<\/td><td class=\"column-2\">Ernest Ceryela (harm.)<\/td><td class=\"column-3\">1896-1972<\/td><td class=\"column-4\">El Noi de la Mare<\/td>\n<\/tr>\n<tr class=\"row-140\">\n\t<td class=\"column-1\">No\u00ebls<\/td><td class=\"column-2\">Rouart Debousset<\/td><td class=\"column-3\">XVIIIe si\u00e8cle<\/td><td class=\"column-4\">La Nuit de No\u00ebl<\/td>\n<\/tr>\n<tr class=\"row-141\">\n\t<td class=\"column-1\">No\u00ebls<\/td><td class=\"column-2\">Dominique Gessenay- Rappo<\/td><td class=\"column-3\">N\u00e9 en 1953<\/td><td class=\"column-4\">La Couleur des Rois<\/td>\n<\/tr>\n<tr class=\"row-142\">\n\t<td class=\"column-1\">No\u00ebls<\/td><td class=\"column-2\">Fran\u00e7ois-Auguste Gevaert (harm.)<\/td><td class=\"column-3\">1828-1908<\/td><td class=\"column-4\">Les anges dans nos campagnes<\/td>\n<\/tr>\n<tr class=\"row-143\">\n\t<td class=\"column-1\">No\u00ebls<\/td><td class=\"column-2\">Franz Gruber<\/td><td class=\"column-3\">1787-1863<\/td><td class=\"column-4\">Douce Nuit<\/td>\n<\/tr>\n<tr class=\"row-144\">\n\t<td class=\"column-1\">No\u00ebls<\/td><td class=\"column-2\">Pierre Huwiler<\/td><td class=\"column-3\">N\u00e9 en 1948<\/td><td class=\"column-4\">C'est No\u00ebl qui chante<\/td>\n<\/tr>\n<tr class=\"row-145\">\n\t<td class=\"column-1\">No\u00ebls<\/td><td class=\"column-2\">Pierre Kaelin (harm.)<\/td><td class=\"column-3\">1913-1995<\/td><td class=\"column-4\">Adeste fideles<\/td>\n<\/tr>\n<tr class=\"row-146\">\n\t<td class=\"column-1\">No\u00ebls<\/td><td class=\"column-2\">Robert Lalouet (harm.)<\/td><td class=\"column-3\"><\/td><td class=\"column-4\">De bon matin dans la campagne<\/td>\n<\/tr>\n<tr class=\"row-147\">\n\t<td class=\"column-1\">No\u00ebls<\/td><td class=\"column-2\">Michael Praetorius<\/td><td class=\"column-3\">1571-1621<\/td><td class=\"column-4\">Dans une \u00e9table obscure<\/td>\n<\/tr>\n<tr class=\"row-148\">\n\t<td class=\"column-1\">No\u00ebls<\/td><td class=\"column-2\">J. R\u00e9vert (harm.)<\/td><td class=\"column-3\"><\/td><td class=\"column-4\">Il g\u00e8le \u00e0 pierre fendre<\/td>\n<\/tr>\n<tr class=\"row-149\">\n\t<td class=\"column-1\">No\u00ebls<\/td><td class=\"column-2\">John Rutter<\/td><td class=\"column-3\">N\u00e9 en 1945<\/td><td class=\"column-4\">I wonder as I wander - Carol des Appalaches<\/td>\n<\/tr>\n<tr class=\"row-150\">\n\t<td class=\"column-1\">No\u00ebls<\/td><td class=\"column-2\">Ralph Vaughan Williams<\/td><td class=\"column-3\">1872-1958<\/td><td class=\"column-4\">Wassail Song - Carol anglais<\/td>\n<\/tr>\n<tr class=\"row-151\">\n\t<td class=\"column-1\">Renaissance<\/td><td class=\"column-2\">Anonyme espagnol<\/td><td class=\"column-3\">Vers 1500<\/td><td class=\"column-4\">Ay de mi quen tierra<\/td>\n<\/tr>\n<tr class=\"row-152\">\n\t<td class=\"column-1\">Renaissance<\/td><td class=\"column-2\">Anonyme espagnol<\/td><td class=\"column-3\">Vers 1630<\/td><td class=\"column-4\">Tourdion<\/td>\n<\/tr>\n<tr class=\"row-153\">\n\t<td class=\"column-1\">Renaissance<\/td><td class=\"column-2\">Anonyme espagnol<\/td><td class=\"column-3\">XVIe si\u00e8cle<\/td><td class=\"column-4\">Din dirin din<\/td>\n<\/tr>\n<tr class=\"row-154\">\n\t<td class=\"column-1\">Renaissance<\/td><td class=\"column-2\">Anonyme espagnol<\/td><td class=\"column-3\">XVIe si\u00e8cle<\/td><td class=\"column-4\">Ay linda amiga<\/td>\n<\/tr>\n<tr class=\"row-155\">\n\t<td class=\"column-1\">Renaissance<\/td><td class=\"column-2\">Anonyme espagnol<\/td><td class=\"column-3\">XVIe si\u00e8cle<\/td><td class=\"column-4\">Pase el agua<\/td>\n<\/tr>\n<tr class=\"row-156\">\n\t<td class=\"column-1\">Renaissance<\/td><td class=\"column-2\">Pierre Certon<\/td><td class=\"column-3\">1515-1572<\/td><td class=\"column-4\">Je ne l'ose dire<\/td>\n<\/tr>\n<tr class=\"row-157\">\n\t<td class=\"column-1\">Renaissance<\/td><td class=\"column-2\">Marcel Corneloup (harm.)<\/td><td class=\"column-3\">N\u00e9 en 1928<\/td><td class=\"column-4\">La Tarara<\/td>\n<\/tr>\n<tr class=\"row-158\">\n\t<td class=\"column-1\">Renaissance<\/td><td class=\"column-2\">Juan de Encina<\/td><td class=\"column-3\">1467-1529<\/td><td class=\"column-4\">Ay triste que vengo<\/td>\n<\/tr>\n<tr class=\"row-159\">\n\t<td class=\"column-1\">Renaissance<\/td><td class=\"column-2\">Juan de Encina<\/td><td class=\"column-3\">1467-1529<\/td><td class=\"column-4\">Mi libertad<\/td>\n<\/tr>\n<tr class=\"row-160\">\n\t<td class=\"column-1\">Renaissance<\/td><td class=\"column-2\">Juan de Encina<\/td><td class=\"column-3\">1467-1529<\/td><td class=\"column-4\">Triste Espana sin ventura<\/td>\n<\/tr>\n<tr class=\"row-161\">\n\t<td class=\"column-1\">Renaissance<\/td><td class=\"column-2\">Pedro de Escolbar<\/td><td class=\"column-3\">XVIe si\u00e8cle<\/td><td class=\"column-4\">Las mis penas madre<\/td>\n<\/tr>\n<tr class=\"row-162\">\n\t<td class=\"column-1\">Renaissance<\/td><td class=\"column-2\">Cl\u00e9ment Janequin<\/td><td class=\"column-3\">Vers 1485-1558<\/td><td class=\"column-4\">Au joli jeu du pousse avant<\/td>\n<\/tr>\n<tr class=\"row-163\">\n\t<td class=\"column-1\">Renaissance<\/td><td class=\"column-2\">Cl\u00e9ment Janequin<\/td><td class=\"column-3\">Vers 1485-1558<\/td><td class=\"column-4\">Ce moys de may<\/td>\n<\/tr>\n<tr class=\"row-164\">\n\t<td class=\"column-1\">Renaissance<\/td><td class=\"column-2\">Cl\u00e9ment Janequin<\/td><td class=\"column-3\">Vers 1485-1558<\/td><td class=\"column-4\">Le Chant des Oiseaux<\/td>\n<\/tr>\n<tr class=\"row-165\">\n\t<td class=\"column-1\">Renaissance<\/td><td class=\"column-2\">Cl\u00e9ment Janequin<\/td><td class=\"column-3\">Vers 1485-1558<\/td><td class=\"column-4\">Si vous l'avez<\/td>\n<\/tr>\n<tr class=\"row-166\">\n\t<td class=\"column-1\">Renaissance<\/td><td class=\"column-2\">Josquin des Pr\u00e9s<\/td><td class=\"column-3\">1440-1521<\/td><td class=\"column-4\">El grillo<\/td>\n<\/tr>\n<tr class=\"row-167\">\n\t<td class=\"column-1\">Renaissance<\/td><td class=\"column-2\">Orlando di Lasso<\/td><td class=\"column-3\">Vers 1532-1594<\/td><td class=\"column-4\">Matona mia cara<\/td>\n<\/tr>\n<tr class=\"row-168\">\n\t<td class=\"column-1\">Renaissance<\/td><td class=\"column-2\">Pierre Passereau<\/td><td class=\"column-3\">1509-1547<\/td><td class=\"column-4\">Il est bel et bon<\/td>\n<\/tr>\n<tr class=\"row-169\">\n\t<td class=\"column-1\">Renaissance<\/td><td class=\"column-2\">Claudin de Sermisy<\/td><td class=\"column-3\">1490-1562<\/td><td class=\"column-4\">Vous perdez temps de me dire mal d'elle<\/td>\n<\/tr>\n<tr class=\"row-170\">\n\t<td class=\"column-1\">Renaissance<\/td><td class=\"column-2\">Juan Vasquez<\/td><td class=\"column-3\">1510-1560<\/td><td class=\"column-4\">Con qu\u00e9 la lavar\u00e9<\/td>\n<\/tr>\n<tr class=\"row-171\">\n\t<td class=\"column-1\">Musique populaire<\/td><td class=\"column-2\">Carlo Boller<\/td><td class=\"column-3\">1896-1952<\/td><td class=\"column-4\">Gale gringo<\/td>\n<\/tr>\n<tr class=\"row-172\">\n\t<td class=\"column-1\">Musique populaire<\/td><td class=\"column-2\">Joseph Bovet<\/td><td class=\"column-3\">1879-1951<\/td><td class=\"column-4\">Le baiser de ma m\u00e8re<\/td>\n<\/tr>\n<tr class=\"row-173\">\n\t<td class=\"column-1\">Musique populaire<\/td><td class=\"column-2\">Joseph Bovet<\/td><td class=\"column-3\">1879-1951<\/td><td class=\"column-4\">La fanfare du printemps<\/td>\n<\/tr>\n<tr class=\"row-174\">\n\t<td class=\"column-1\">Musique populaire<\/td><td class=\"column-2\">Joseph Bovet<\/td><td class=\"column-3\">1879-1951<\/td><td class=\"column-4\">La pri\u00e8re du p\u00e2tre<\/td>\n<\/tr>\n<tr class=\"row-175\">\n\t<td class=\"column-1\">Musique populaire<\/td><td class=\"column-2\">Joseph Bovet<\/td><td class=\"column-3\">1879-1951<\/td><td class=\"column-4\">Nouthra Dona di Maortz\u00e8<\/td>\n<\/tr>\n<tr class=\"row-176\">\n\t<td class=\"column-1\">Musique populaire<\/td><td class=\"column-2\">Pierre Kaelin<\/td><td class=\"column-3\">1913-1995<\/td><td class=\"column-4\">Chante en mon coeur<\/td>\n<\/tr>\n<\/tbody>\n<\/table>\n<!-- #tablepress-1 from cache --><\/p>\n","protected":false},"excerpt":{"rendered":"<p>Si son r\u00e9pertoire initial s\u2019\u00e9tendait de la Renaissance \u00e0 l\u2019\u00e2ge baroque (Vittoria, Gombert, Sch\u00fctz, Graun,\u2026), le Ch\u0153ur de May explore \u00e9galement avec int\u00e9r\u00eat des rivages plus contemporains, pr\u00e9sentant des \u0153uvres de Franck, Rheinberger, Tavener notamment, mais aussi avec le Ch\u0153ur de Chambre de l\u2019Universit\u00e9 de Fribourg, la Messe en Ut mineur de Mozart, sous la &hellip; <a href=\"https:\/\/www.choeurdemay.ch\/?page_id=64\" class=\"more-link\">Continuer la lecture de <span class=\"screen-reader-text\">R\u00e9pertoire<\/span>  <span class=\"meta-nav\">&rarr;<\/span><\/a><\/p>\n","protected":false},"author":2,"featured_media":0,"parent":0,"menu_order":0,"comment_status":"closed","ping_status":"closed","template":"","meta":{"footnotes":""},"class_list":["post-64","page","type-page","status-publish","hentry"],"_links":{"self":[{"href":"https:\/\/www.choeurdemay.ch\/index.php?rest_route=\/wp\/v2\/pages\/64","targetHints":{"allow":["GET"]}}],"collection":[{"href":"https:\/\/www.choeurdemay.ch\/index.php?rest_route=\/wp\/v2\/pages"}],"about":[{"href":"https:\/\/www.choeurdemay.ch\/index.php?rest_route=\/wp\/v2\/types\/page"}],"author":[{"embeddable":true,"href":"https:\/\/www.choeurdemay.ch\/index.php?rest_route=\/wp\/v2\/users\/2"}],"replies":[{"embeddable":true,"href":"https:\/\/www.choeurdemay.ch\/index.php?rest_route=%2Fwp%2Fv2%2Fcomments&post=64"}],"version-history":[{"count":4,"href":"https:\/\/www.choeurdemay.ch\/index.php?rest_route=\/wp\/v2\/pages\/64\/revisions"}],"predecessor-version":[{"id":239,"href":"https:\/\/www.choeurdemay.ch\/index.php?rest_route=\/wp\/v2\/pages\/64\/revisions\/239"}],"wp:attachment":[{"href":"https:\/\/www.choeurdemay.ch\/index.php?rest_route=%2Fwp%2Fv2%2Fmedia&parent=64"}],"curies":[{"name":"wp","href":"https:\/\/api.w.org\/{rel}","templated":true}]}}