{"id":52,"date":"2016-04-03T22:14:59","date_gmt":"2016-04-03T20:14:59","guid":{"rendered":"http:\/\/choeurdemay.ch\/wordpress\/?page_id=52"},"modified":"2022-08-24T08:11:47","modified_gmt":"2022-08-24T06:11:47","slug":"historique","status":"publish","type":"page","link":"https:\/\/www.choeurdemay.ch\/?page_id=52","title":{"rendered":"Le Choeur de May"},"content":{"rendered":"<p>Le Ch\u0153ur de May a vu le jour au mois de mai 1998 sous l\u2019impulsion de son directeur Nicolas Wyssmueller. Il est form\u00e9 de vingt chanteuses et chanteurs de la r\u00e9gion de la Gruy\u00e8re. Il s\u2019est orient\u00e9, d\u00e8s sa cr\u00e9ation, vers la d\u00e9couverte du r\u00e9pertoire sacr\u00e9. Son r\u00e9pertoire s\u2019\u00e9tend de la Renaissance (Victoria, Dias Melgas, Tallis,\u2026) \u00e0 la p\u00e9riode contemporaine (Tavener, Poulenc, P\u00e4rt, Gjeilo,\u2026) en passant par les romantiques (Franck, Faur\u00e9, Mendelssohn, Rheinberger,\u2026) et par les tr\u00e9sors du chant gr\u00e9gorien.<\/p>\n<p>Il chante r\u00e9guli\u00e8rement avec orchestre, notamment les <em>Cantates BWV 23, 78, 131 et 182<\/em> de Johann Sebastian Bach, le <em>Te Deum de Dettingen<\/em> de Georg Friedrich Haendel, le <em>Miserere<\/em> de Johann Adolf Hasse ou le <em>Requiem<\/em> de Wolfgang Amadeus Mozart en 2013, pour son quinzi\u00e8me anniversaire. Lors de ses traditionnels concerts matinaux du Vendredi Saint, le Ch\u0153ur de May a fait d\u00e9couvrir \u00e0 ses auditeurs des univers aussi divers que ceux d\u2019Allegri (<em>Miserere<\/em>), de Cavalli (<em>Missa pro defunctis<\/em>), de Purcell (<em>Musique pour les fun\u00e9railles de la Reine Mary<\/em>), de Zelenka (<em>Miserere<\/em>), de Buxtehude (<em>Membra Jesu Nostri<\/em>) ou de Gounod (<em>Les Sept paroles du Christ sur la Croix<\/em>).<\/p>\n<p>Il a interpr\u00e9t\u00e9 en novembre 2015 la <em>Messe du Couronnement<\/em> de Mozart et le <em>Requiem<\/em> de Faur\u00e9, avec l\u2019Orchestre de Chambre Fribourgeois et la C\u00e9cilienne de La Tour-de-Tr\u00eame. En janvier 2016, il a eu l\u2019immense privil\u00e8ge de chanter la Cantate 78 de Bach sous la direction de Michel Corboz dans le cadre du cycle \u00ab&nbsp;Cantate et Parole&nbsp;\u00bb \u00e0 Lausanne. Il a particip\u00e9 en juillet 2016 au concert des ch\u0153urs fribourgeois qui ouvrait le Festival de Musiques Sacr\u00e9es de Fribourg.<\/p>\n<p style=\"text-align: center;\"><\/p>\n\n\n<div class=\"wp-block-image\"><figure class=\"aligncenter size-large is-resized\"><img decoding=\"async\" src=\"https:\/\/www.choeurdemay.ch\/wp-content\/uploads\/2022\/08\/Le-Choeur-de-May_COL_2-1024x541.jpg\" alt=\"\" class=\"wp-image-969\" width=\"1024\" srcset=\"https:\/\/www.choeurdemay.ch\/wp-content\/uploads\/2022\/08\/Le-Choeur-de-May_COL_2-1024x541.jpg 1024w, https:\/\/www.choeurdemay.ch\/wp-content\/uploads\/2022\/08\/Le-Choeur-de-May_COL_2-300x158.jpg 300w, https:\/\/www.choeurdemay.ch\/wp-content\/uploads\/2022\/08\/Le-Choeur-de-May_COL_2-768x405.jpg 768w, https:\/\/www.choeurdemay.ch\/wp-content\/uploads\/2022\/08\/Le-Choeur-de-May_COL_2-1536x811.jpg 1536w, https:\/\/www.choeurdemay.ch\/wp-content\/uploads\/2022\/08\/Le-Choeur-de-May_COL_2-2048x1081.jpg 2048w\" sizes=\"(max-width: 1024px) 100vw, 1024px\" \/><figcaption>\u00a9 R\u00e9gine Gapany<\/figcaption><\/figure><\/div>\n","protected":false},"excerpt":{"rendered":"<p>Le Ch\u0153ur de May a vu le jour au mois de mai 1998 sous l\u2019impulsion de son directeur Nicolas Wyssmueller. Il est form\u00e9 de vingt chanteuses et chanteurs de la r\u00e9gion de la Gruy\u00e8re. Il s\u2019est orient\u00e9, d\u00e8s sa cr\u00e9ation, vers la d\u00e9couverte du r\u00e9pertoire sacr\u00e9. Son r\u00e9pertoire s\u2019\u00e9tend de la Renaissance (Victoria, Dias Melgas, &hellip; <a href=\"https:\/\/www.choeurdemay.ch\/?page_id=52\" class=\"more-link\">Continuer la lecture de <span class=\"screen-reader-text\">Le Choeur de May<\/span>  <span class=\"meta-nav\">&rarr;<\/span><\/a><\/p>\n","protected":false},"author":2,"featured_media":0,"parent":0,"menu_order":0,"comment_status":"closed","ping_status":"closed","template":"","meta":{"footnotes":""},"class_list":["post-52","page","type-page","status-publish","hentry"],"_links":{"self":[{"href":"https:\/\/www.choeurdemay.ch\/index.php?rest_route=\/wp\/v2\/pages\/52","targetHints":{"allow":["GET"]}}],"collection":[{"href":"https:\/\/www.choeurdemay.ch\/index.php?rest_route=\/wp\/v2\/pages"}],"about":[{"href":"https:\/\/www.choeurdemay.ch\/index.php?rest_route=\/wp\/v2\/types\/page"}],"author":[{"embeddable":true,"href":"https:\/\/www.choeurdemay.ch\/index.php?rest_route=\/wp\/v2\/users\/2"}],"replies":[{"embeddable":true,"href":"https:\/\/www.choeurdemay.ch\/index.php?rest_route=%2Fwp%2Fv2%2Fcomments&post=52"}],"version-history":[{"count":27,"href":"https:\/\/www.choeurdemay.ch\/index.php?rest_route=\/wp\/v2\/pages\/52\/revisions"}],"predecessor-version":[{"id":988,"href":"https:\/\/www.choeurdemay.ch\/index.php?rest_route=\/wp\/v2\/pages\/52\/revisions\/988"}],"wp:attachment":[{"href":"https:\/\/www.choeurdemay.ch\/index.php?rest_route=%2Fwp%2Fv2%2Fmedia&parent=52"}],"curies":[{"name":"wp","href":"https:\/\/api.w.org\/{rel}","templated":true}]}}