{"id":476,"date":"2018-04-09T19:36:12","date_gmt":"2018-04-09T17:36:12","guid":{"rendered":"http:\/\/www.choeurdemay.ch\/?page_id=476"},"modified":"2018-04-09T21:19:27","modified_gmt":"2018-04-09T19:19:27","slug":"2013-chant-gregorien-et-polyphonie-requiem-de-mozart-concert-de-noel","status":"publish","type":"page","link":"https:\/\/www.choeurdemay.ch\/?page_id=476","title":{"rendered":"2013 &#8211; Chant gr\u00e9gorien et polyphonie | Requiem de Mozart | Concert de No\u00ebl"},"content":{"rendered":"<p><a href=\"https:\/\/www.choeurdemay.ch\/wp-content\/uploads\/2016\/04\/VSaint2013.jpg\"><img loading=\"lazy\" decoding=\"async\" class=\"alignnone size-large wp-image-333\" src=\"https:\/\/www.choeurdemay.ch\/wp-content\/uploads\/2016\/04\/VSaint2013-724x1024.jpg\" alt=\"VSaint2013\" width=\"474\" height=\"670\" \/><\/a><\/p>\n<p>Le programme du huiti\u00e8me concert du Vendredi Saint du Ch\u0153ur de May, le 29 mars, s\u2019articulait en trois parties. La premi\u00e8re, a cappella, fut consacr\u00e9e \u00e0 un dialogue entre des pi\u00e8ces gr\u00e9goriennes et leurs versions polyphoniques, propos\u00e9es par des compositeurs du XIXe, du XXe et du XXIe si\u00e8cle : Josef Gabriel Rheinberger, Francis Poulenc, Maurice Durufl\u00e9 et Ola Gjeilo. Puis, la deuxi\u00e8me partie pr\u00e9senta des \u0153uvres pour ch\u0153ur et orgue, des harmonies aux couleurs fran\u00e7aises de la fin du XIXe et du d\u00e9but du XXe si\u00e8cle (Paul Berthier, Jehan Alain et Gabriel Faur\u00e9) et estoniennes, plus contemporaines (Arvo P\u00e4rt). Enfin, l\u2019extraordinaire <em>Crucifixus \u00e0<\/em> huit voix d&rsquo;Antonio Lotti, pi\u00e8ce de circonstance pour ce Vendredi Saint, ponctua ce moment musical.<\/p>\n<p><a href=\"https:\/\/www.choeurdemay.ch\/wp-content\/uploads\/2016\/04\/Requiem-petit.jpg\"><img loading=\"lazy\" decoding=\"async\" class=\"alignnone size-large wp-image-331\" src=\"https:\/\/www.choeurdemay.ch\/wp-content\/uploads\/2016\/04\/Requiem-petit-724x1024.jpg\" alt=\"Requiem petit\" width=\"474\" height=\"670\" \/><\/a><\/p>\n<p>En novembre, pour ses 15 ans, le Choeur de May propose le c\u00e9l\u00e9brissime <em>Requiem<\/em> de Mozart, accompagn\u00e9 par l&rsquo;Orchestre de Chambre Fribourgeois et les solistes Charlotte M\u00fcller Perrier, Val\u00e9rie Bonnard, Bertrand Bochud et Fabrice Hayoz. L&rsquo;oeuvre est pr\u00e9c\u00e9d\u00e9e de sa version gr\u00e9gorienne et pr\u00e9sent\u00e9e par deux fois dans une \u00e9glise de Bulle bond\u00e9e.<\/p>\n<p><a href=\"https:\/\/www.choeurdemay.ch\/wp-content\/uploads\/2016\/04\/ACCDM2013.jpg\"><img loading=\"lazy\" decoding=\"async\" class=\"alignnone size-large wp-image-343\" src=\"https:\/\/www.choeurdemay.ch\/wp-content\/uploads\/2016\/04\/ACCDM2013-724x1024.jpg\" alt=\"ACCDM2013\" width=\"474\" height=\"670\" \/><\/a><\/p>\n<p>Le Choeur de May participe au Rendez-vous musicaux de la Saint-Nicolas \u00e0 l&rsquo;\u00e9glise Saint Michel de Fribourg, et retrouve l&rsquo;\u00e9glise bulloise pour un concert de No\u00ebl en compagnie de l&rsquo;Accroche-Choeur.<\/p>\n<p><a href=\"https:\/\/www.choeurdemay.ch\/?page_id=479\">VERS 2014 -&gt;<\/a><br \/>\n<a href=\"https:\/\/www.choeurdemay.ch\/?page_id=473\">&lt;- VERS 2012<\/a><\/p>\n","protected":false},"excerpt":{"rendered":"<p>Le programme du huiti\u00e8me concert du Vendredi Saint du Ch\u0153ur de May, le 29 mars, s\u2019articulait en trois parties. La premi\u00e8re, a cappella, fut consacr\u00e9e \u00e0 un dialogue entre des pi\u00e8ces gr\u00e9goriennes et leurs versions polyphoniques, propos\u00e9es par des compositeurs du XIXe, du XXe et du XXIe si\u00e8cle : Josef Gabriel Rheinberger, Francis Poulenc, Maurice &hellip; <a href=\"https:\/\/www.choeurdemay.ch\/?page_id=476\" class=\"more-link\">Continuer la lecture de <span class=\"screen-reader-text\">2013 &#8211; Chant gr\u00e9gorien et polyphonie | Requiem de Mozart | Concert de No\u00ebl<\/span>  <span class=\"meta-nav\">&rarr;<\/span><\/a><\/p>\n","protected":false},"author":5,"featured_media":0,"parent":0,"menu_order":0,"comment_status":"closed","ping_status":"closed","template":"","meta":{"footnotes":""},"class_list":["post-476","page","type-page","status-publish","hentry"],"_links":{"self":[{"href":"https:\/\/www.choeurdemay.ch\/index.php?rest_route=\/wp\/v2\/pages\/476","targetHints":{"allow":["GET"]}}],"collection":[{"href":"https:\/\/www.choeurdemay.ch\/index.php?rest_route=\/wp\/v2\/pages"}],"about":[{"href":"https:\/\/www.choeurdemay.ch\/index.php?rest_route=\/wp\/v2\/types\/page"}],"author":[{"embeddable":true,"href":"https:\/\/www.choeurdemay.ch\/index.php?rest_route=\/wp\/v2\/users\/5"}],"replies":[{"embeddable":true,"href":"https:\/\/www.choeurdemay.ch\/index.php?rest_route=%2Fwp%2Fv2%2Fcomments&post=476"}],"version-history":[{"count":4,"href":"https:\/\/www.choeurdemay.ch\/index.php?rest_route=\/wp\/v2\/pages\/476\/revisions"}],"predecessor-version":[{"id":538,"href":"https:\/\/www.choeurdemay.ch\/index.php?rest_route=\/wp\/v2\/pages\/476\/revisions\/538"}],"wp:attachment":[{"href":"https:\/\/www.choeurdemay.ch\/index.php?rest_route=%2Fwp%2Fv2%2Fmedia&parent=476"}],"curies":[{"name":"wp","href":"https:\/\/api.w.org\/{rel}","templated":true}]}}