{"id":467,"date":"2018-04-09T19:28:09","date_gmt":"2018-04-09T17:28:09","guid":{"rendered":"http:\/\/www.choeurdemay.ch\/?page_id=467"},"modified":"2018-04-09T21:24:28","modified_gmt":"2018-04-09T19:24:28","slug":"2010-bach-et-hasse-musique-francaise-saint-nicolas","status":"publish","type":"page","link":"https:\/\/www.choeurdemay.ch\/?page_id=467","title":{"rendered":"2010 &#8211; Bach et Hasse | Musique fran\u00e7aise | Saint Nicolas"},"content":{"rendered":"<p>Cinqui\u00e8me concert du Vendredi Saint, le 2 avril 2010! Pour marquer cet anniversaire, Nicolas Wyssmueller avait d\u00e9cid\u00e9 de pr\u00e9senter trois oeuvres baroques avec un orchestre ad hoc : deux cantates de Johann Sebastian Bach (BWV 23 et 182) et le <em>Miserere en Ut mineur<\/em> de Johann Adolf Hasse.<\/p>\n<p><a href=\"https:\/\/www.choeurdemay.ch\/wp-content\/uploads\/2016\/04\/2-avril-Nouvelle-affiche-VSaint.jpg\"><img loading=\"lazy\" decoding=\"async\" class=\"alignnone size-large wp-image-351\" src=\"https:\/\/www.choeurdemay.ch\/wp-content\/uploads\/2016\/04\/2-avril-Nouvelle-affiche-VSaint-724x1024.jpg\" alt=\"2 avril Nouvelle affiche VSaint\" width=\"474\" height=\"670\" \/><\/a><\/p>\n<p>En octobre 2010, le Choeur de May pr\u00e9sentait, dans le cadre des Journ\u00e9es Musicales de la Ville de Bulle consacr\u00e9es \u00e0 la musique fran\u00e7aise, un voyage dans le r\u00e9pertoire choral sacr\u00e9 fran\u00e7ais du milieu du XIXe si\u00e8cle au milieu du XXe si\u00e8cle. Ce moment musical a fait d\u00e9couvrir \u00e0 nos auditeurs la diversit\u00e9 musicale de cette p\u00e9riode, de la monodie gr\u00e9gorianisante de Gaston Litaize \u00e0 l\u2019\u00e9clatante polytonalit\u00e9 de Darius Milhaud, des sonorit\u00e9s romantiques de Gabriel Faur\u00e9 ou C\u00e9sar Franck \u00e0 l\u2019aust\u00e8re pri\u00e8re \u00e9trangement pr\u00e9monitoire de Jehan Alain, de la polyphonie renaissante revisit\u00e9e par Charles Gounod dans ses <em>Sept Paroles du Christ sur la Croix<\/em> aux accents modernisants de Marcel Dupr\u00e9.<\/p>\n<p>Le 4 d\u00e9cembre 2010, le Choeur de May participait, avec un franc succ\u00e8s, aux Rencontres Musicales de la Saint Nicolas en la cath\u00e9drale de Fribourg.<\/p>\n<p><a href=\"https:\/\/www.choeurdemay.ch\/wp-content\/uploads\/2016\/04\/St-Nicolas_2010_web.jpg\"><img loading=\"lazy\" decoding=\"async\" class=\"alignnone size-large wp-image-335\" src=\"https:\/\/www.choeurdemay.ch\/wp-content\/uploads\/2016\/04\/St-Nicolas_2010_web-725x1024.jpg\" alt=\"St-Nicolas_2010_web\" width=\"474\" height=\"669\" \/><\/a><\/p>\n<p><a href=\"https:\/\/www.choeurdemay.ch\/?page_id=470\">VERS 2011 -&gt;<\/a><br \/>\n<a href=\"https:\/\/www.choeurdemay.ch\/?page_id=464\">&lt;- VERS 2009<\/a><\/p>\n","protected":false},"excerpt":{"rendered":"<p>Cinqui\u00e8me concert du Vendredi Saint, le 2 avril 2010! Pour marquer cet anniversaire, Nicolas Wyssmueller avait d\u00e9cid\u00e9 de pr\u00e9senter trois oeuvres baroques avec un orchestre ad hoc : deux cantates de Johann Sebastian Bach (BWV 23 et 182) et le Miserere en Ut mineur de Johann Adolf Hasse. En octobre 2010, le Choeur de May &hellip; <a href=\"https:\/\/www.choeurdemay.ch\/?page_id=467\" class=\"more-link\">Continuer la lecture de <span class=\"screen-reader-text\">2010 &#8211; Bach et Hasse | Musique fran\u00e7aise | Saint Nicolas<\/span>  <span class=\"meta-nav\">&rarr;<\/span><\/a><\/p>\n","protected":false},"author":5,"featured_media":0,"parent":0,"menu_order":0,"comment_status":"closed","ping_status":"closed","template":"","meta":{"footnotes":""},"class_list":["post-467","page","type-page","status-publish","hentry"],"_links":{"self":[{"href":"https:\/\/www.choeurdemay.ch\/index.php?rest_route=\/wp\/v2\/pages\/467","targetHints":{"allow":["GET"]}}],"collection":[{"href":"https:\/\/www.choeurdemay.ch\/index.php?rest_route=\/wp\/v2\/pages"}],"about":[{"href":"https:\/\/www.choeurdemay.ch\/index.php?rest_route=\/wp\/v2\/types\/page"}],"author":[{"embeddable":true,"href":"https:\/\/www.choeurdemay.ch\/index.php?rest_route=\/wp\/v2\/users\/5"}],"replies":[{"embeddable":true,"href":"https:\/\/www.choeurdemay.ch\/index.php?rest_route=%2Fwp%2Fv2%2Fcomments&post=467"}],"version-history":[{"count":3,"href":"https:\/\/www.choeurdemay.ch\/index.php?rest_route=\/wp\/v2\/pages\/467\/revisions"}],"predecessor-version":[{"id":544,"href":"https:\/\/www.choeurdemay.ch\/index.php?rest_route=\/wp\/v2\/pages\/467\/revisions\/544"}],"wp:attachment":[{"href":"https:\/\/www.choeurdemay.ch\/index.php?rest_route=%2Fwp%2Fv2%2Fmedia&parent=467"}],"curies":[{"name":"wp","href":"https:\/\/api.w.org\/{rel}","templated":true}]}}