{"id":440,"date":"2018-04-09T18:35:07","date_gmt":"2018-04-09T16:35:07","guid":{"rendered":"http:\/\/www.choeurdemay.ch\/?page_id=440"},"modified":"2018-04-09T21:28:40","modified_gmt":"2018-04-09T19:28:40","slug":"2006-premier-concert-du-vendredi-saint-concert-marial-messe-en-ut-mineur-de-mozart","status":"publish","type":"page","link":"https:\/\/www.choeurdemay.ch\/?page_id=440","title":{"rendered":"2006 &#8211; Premier concert du Vendredi Saint | Concert marial | Messe en ut mineur de Mozart"},"content":{"rendered":"<p>Vendredi Saint \u00e0 Gruy\u00e8res : le Ch\u0153ur de May pr\u00e9sente, en compagnie de l\u2019organiste Bernard Meylan, chanta deux \u0153uvres romantiques m\u00e9connues: <em>Les sept paroles du Christ sur la Croix<\/em>, de Charles Gounod, ainsi que le <em>Stabat Mater<\/em> pour ch\u0153ur et orgue de Josef Gabriel Rheinberger. Ce concert fut redonn\u00e9 \u00e0 l\u2019\u00e9glise d\u2019Ursy, au mois de juin.<\/p>\n<p><a href=\"https:\/\/www.choeurdemay.ch\/wp-content\/uploads\/2016\/04\/Avril-2006_RimeF.jpg\"><img loading=\"lazy\" decoding=\"async\" class=\"alignnone size-full wp-image-344\" src=\"https:\/\/www.choeurdemay.ch\/wp-content\/uploads\/2016\/04\/Avril-2006_RimeF.jpg\" alt=\"Avril 2006_RimeF\" width=\"650\" height=\"980\" \/><\/a><\/p>\n<p>Le Ch\u0153ur gr\u00e9gorien \u00abRomuald Sapin\u00bb invita le Ch\u0153ur de May \u00e0 Attalens au mois de novembre pour un concert consacr\u00e9 \u00e0 la Vierge. Des \u0153uvres de Gombert, Vittoria, Grieg, Soriano, Liszt, Franck et Quignard sont interpr\u00e9t\u00e9es.<\/p>\n<p><a href=\"https:\/\/www.choeurdemay.ch\/wp-content\/uploads\/2016\/04\/Novembre-2006_SapinE.jpg\"><img loading=\"lazy\" decoding=\"async\" class=\"alignnone size-full wp-image-348\" src=\"https:\/\/www.choeurdemay.ch\/wp-content\/uploads\/2016\/04\/Novembre-2006_SapinE.jpg\" alt=\"Novembre 2006_SapinE\" width=\"650\" height=\"950\" \/><\/a><\/p>\n<p>Aux mois de novembre et d\u00e9cembre, le Ch\u0153ur de May s\u2019associa au Ch\u0153ur de Chambre de l\u2019Universit\u00e9 de Fribourg pour la Grande <em>Messe en Ut Mineur<\/em> de Wolfgang Amadeus Mozart et le <em>Regina Coeli<\/em> du m\u00eame Salzbourgeois, sous la direction de Pascal Mayer, \u00e0 Fribourg et \u00e0 La Tour-de-Tr\u00eame.<\/p>\n<p><a href=\"https:\/\/www.choeurdemay.ch\/wp-content\/uploads\/2016\/04\/Decembre-2006_PMM.jpg\"><img loading=\"lazy\" decoding=\"async\" class=\"alignnone size-full wp-image-325\" src=\"https:\/\/www.choeurdemay.ch\/wp-content\/uploads\/2016\/04\/Decembre-2006_PMM.jpg\" alt=\"Decembre 2006_PMM\" width=\"583\" height=\"412\" \/><\/a><\/p>\n<p><a href=\"https:\/\/www.choeurdemay.ch\/?page_id=443\">VERS 2007 -&gt;<\/a><br \/>\n<a href=\"https:\/\/www.choeurdemay.ch\/?page_id=437\">&lt;- VERS 2005<\/a><\/p>\n","protected":false},"excerpt":{"rendered":"<p>Vendredi Saint \u00e0 Gruy\u00e8res : le Ch\u0153ur de May pr\u00e9sente, en compagnie de l\u2019organiste Bernard Meylan, chanta deux \u0153uvres romantiques m\u00e9connues: Les sept paroles du Christ sur la Croix, de Charles Gounod, ainsi que le Stabat Mater pour ch\u0153ur et orgue de Josef Gabriel Rheinberger. Ce concert fut redonn\u00e9 \u00e0 l\u2019\u00e9glise d\u2019Ursy, au mois de &hellip; <a href=\"https:\/\/www.choeurdemay.ch\/?page_id=440\" class=\"more-link\">Continuer la lecture de <span class=\"screen-reader-text\">2006 &#8211; Premier concert du Vendredi Saint | Concert marial | Messe en ut mineur de Mozart<\/span>  <span class=\"meta-nav\">&rarr;<\/span><\/a><\/p>\n","protected":false},"author":5,"featured_media":0,"parent":0,"menu_order":0,"comment_status":"closed","ping_status":"closed","template":"","meta":{"footnotes":""},"class_list":["post-440","page","type-page","status-publish","hentry"],"_links":{"self":[{"href":"https:\/\/www.choeurdemay.ch\/index.php?rest_route=\/wp\/v2\/pages\/440","targetHints":{"allow":["GET"]}}],"collection":[{"href":"https:\/\/www.choeurdemay.ch\/index.php?rest_route=\/wp\/v2\/pages"}],"about":[{"href":"https:\/\/www.choeurdemay.ch\/index.php?rest_route=\/wp\/v2\/types\/page"}],"author":[{"embeddable":true,"href":"https:\/\/www.choeurdemay.ch\/index.php?rest_route=\/wp\/v2\/users\/5"}],"replies":[{"embeddable":true,"href":"https:\/\/www.choeurdemay.ch\/index.php?rest_route=%2Fwp%2Fv2%2Fcomments&post=440"}],"version-history":[{"count":3,"href":"https:\/\/www.choeurdemay.ch\/index.php?rest_route=\/wp\/v2\/pages\/440\/revisions"}],"predecessor-version":[{"id":548,"href":"https:\/\/www.choeurdemay.ch\/index.php?rest_route=\/wp\/v2\/pages\/440\/revisions\/548"}],"wp:attachment":[{"href":"https:\/\/www.choeurdemay.ch\/index.php?rest_route=%2Fwp%2Fv2%2Fmedia&parent=440"}],"curies":[{"name":"wp","href":"https:\/\/api.w.org\/{rel}","templated":true}]}}