{"id":426,"date":"2018-04-09T18:23:54","date_gmt":"2018-04-09T16:23:54","guid":{"rendered":"http:\/\/www.choeurdemay.ch\/?page_id=426"},"modified":"2018-04-09T19:45:25","modified_gmt":"2018-04-09T17:45:25","slug":"2004-concerts-printanier-cesar-franck-gloria-detienne-crausaz","status":"publish","type":"page","link":"https:\/\/www.choeurdemay.ch\/?page_id=426","title":{"rendered":"2004 &#8211; Concerts printaniers | C\u00e9sar Franck |\u00a0Gloria d&rsquo;Etienne Crausaz"},"content":{"rendered":"<p>Au d\u00e9but mai, deux concerts printaniers furent propos\u00e9s \u00e0 Vuadens et \u00e0 Fribourg, en compagnie du Ch\u0153ur de Jade. Le Ch\u0153ur de May chante \u00e0 nouveau les pi\u00e8ces pr\u00e9sent\u00e9es en automne 2003, le <em>Chant des Oiseaux<\/em> y compris.<\/p>\n<p><a href=\"https:\/\/www.choeurdemay.ch\/wp-content\/uploads\/2016\/04\/Mai-2004_RimeF.jpg\"><img loading=\"lazy\" decoding=\"async\" class=\"alignnone size-full wp-image-350\" src=\"https:\/\/www.choeurdemay.ch\/wp-content\/uploads\/2016\/04\/Mai-2004_RimeF.jpg\" alt=\"Mai 2004_RimeF\" width=\"595\" height=\"818\" \/><\/a><\/p>\n<p>Durant ce m\u00eame mois, les registres masculins participaient, \u00e0 l\u2019\u00e9glise Saint-Joseph de Gen\u00e8ve, \u00e0 un concert \u00abC\u00e9sar Franck\u00bb organis\u00e9 par l\u2019organiste Diego Innocenzi et pr\u00e9sentaient, avec la Ma\u00eetrise du Conservatoire populaire de musique, trois motets du compositeur fran\u00e7ais.<\/p>\n<p>Au mois de d\u00e9cembre, le Ch\u0153ur de May et le Woodbrass Quintet cr\u00e9\u00e8rent, \u00e0 Pully, Chapelle-sur-Oron et Corbi\u00e8res, le <em>Gloria<\/em> du jeune compositeur fribourgeois Etienne Crausaz ; l\u2019ensemble vocal interpr\u00e9ta de plus quelques pi\u00e8ces de No\u00ebl.<\/p>\n<p><a href=\"https:\/\/www.choeurdemay.ch\/wp-content\/uploads\/2016\/04\/Decembre-2004_RimeF.jpg\"><img loading=\"lazy\" decoding=\"async\" class=\"alignnone size-full wp-image-347\" src=\"https:\/\/www.choeurdemay.ch\/wp-content\/uploads\/2016\/04\/Decembre-2004_RimeF.jpg\" alt=\"Decembre 2004_RimeF\" width=\"594\" height=\"841\" \/><\/a><\/p>\n","protected":false},"excerpt":{"rendered":"<p>Au d\u00e9but mai, deux concerts printaniers furent propos\u00e9s \u00e0 Vuadens et \u00e0 Fribourg, en compagnie du Ch\u0153ur de Jade. Le Ch\u0153ur de May chante \u00e0 nouveau les pi\u00e8ces pr\u00e9sent\u00e9es en automne 2003, le Chant des Oiseaux y compris. Durant ce m\u00eame mois, les registres masculins participaient, \u00e0 l\u2019\u00e9glise Saint-Joseph de Gen\u00e8ve, \u00e0 un concert \u00abC\u00e9sar &hellip; <a href=\"https:\/\/www.choeurdemay.ch\/?page_id=426\" class=\"more-link\">Continuer la lecture de <span class=\"screen-reader-text\">2004 &#8211; Concerts printaniers | C\u00e9sar Franck |\u00a0Gloria d&rsquo;Etienne Crausaz<\/span>  <span class=\"meta-nav\">&rarr;<\/span><\/a><\/p>\n","protected":false},"author":5,"featured_media":0,"parent":0,"menu_order":0,"comment_status":"closed","ping_status":"closed","template":"","meta":{"footnotes":""},"class_list":["post-426","page","type-page","status-publish","hentry"],"_links":{"self":[{"href":"https:\/\/www.choeurdemay.ch\/index.php?rest_route=\/wp\/v2\/pages\/426","targetHints":{"allow":["GET"]}}],"collection":[{"href":"https:\/\/www.choeurdemay.ch\/index.php?rest_route=\/wp\/v2\/pages"}],"about":[{"href":"https:\/\/www.choeurdemay.ch\/index.php?rest_route=\/wp\/v2\/types\/page"}],"author":[{"embeddable":true,"href":"https:\/\/www.choeurdemay.ch\/index.php?rest_route=\/wp\/v2\/users\/5"}],"replies":[{"embeddable":true,"href":"https:\/\/www.choeurdemay.ch\/index.php?rest_route=%2Fwp%2Fv2%2Fcomments&post=426"}],"version-history":[{"count":4,"href":"https:\/\/www.choeurdemay.ch\/index.php?rest_route=\/wp\/v2\/pages\/426\/revisions"}],"predecessor-version":[{"id":485,"href":"https:\/\/www.choeurdemay.ch\/index.php?rest_route=\/wp\/v2\/pages\/426\/revisions\/485"}],"wp:attachment":[{"href":"https:\/\/www.choeurdemay.ch\/index.php?rest_route=%2Fwp%2Fv2%2Fmedia&parent=426"}],"curies":[{"name":"wp","href":"https:\/\/api.w.org\/{rel}","templated":true}]}}