{"id":417,"date":"2018-04-09T18:13:05","date_gmt":"2018-04-09T16:13:05","guid":{"rendered":"http:\/\/www.choeurdemay.ch\/?page_id=417"},"modified":"2018-04-09T21:31:25","modified_gmt":"2018-04-09T19:31:25","slug":"2003-a-2004","status":"publish","type":"page","link":"https:\/\/www.choeurdemay.ch\/?page_id=417","title":{"rendered":"2003 &#8211; Entre profane et sacr\u00e9"},"content":{"rendered":"<p>Au printemps, le Ch\u0153ur de May interpr\u00e9ta, \u00e0 l\u2019\u00e9glise de Rossens, puis au Cantorama de Jaun, la <em>Messe \u00abO magnum mysterium\u00bb<\/em> de Tomas Luis de Vittoria ainsi que les motets de Carl Heinrich Graun. A Jaun, il chanta \u00e9galement, en compagnie de l\u2019ensemble baroque A Tempo, un motet de Heinrich Sch\u00fctz.<\/p>\n<p>L\u2019ensemble participa aux f\u00eates musicales de Bulle, en octobre, avec un concert ap\u00e9ritif consacr\u00e9 \u00e0 des \u0153uvres profanes de la Renaissance espagnole, italienne et fran\u00e7aise. Il interpr\u00e9ta le fameux <em>Chant des Oiseaux<\/em> de Cl\u00e9ment Janequin.<\/p>\n<p>En d\u00e9cembre, \u00e0 l\u2019\u00e9glise des Capucins de Fribourg puis \u00e0 La Tour-de-Tr\u00eame, le Ch\u0153ur de May pr\u00e9sentait un programme associant, deux compositeurs baroques, Johann Ludwig Bach et Andreas Hammerschmidt, \u00e0 divers No\u00ebls traditionnels a cappella.<\/p>\n<p><a href=\"https:\/\/www.choeurdemay.ch\/?page_id=426\">VERS 2004 -&gt;<\/a><br \/>\n<a href=\"https:\/\/www.choeurdemay.ch\/?page_id=414\">&lt;- VERS 2002<\/a><\/p>\n","protected":false},"excerpt":{"rendered":"<p>Au printemps, le Ch\u0153ur de May interpr\u00e9ta, \u00e0 l\u2019\u00e9glise de Rossens, puis au Cantorama de Jaun, la Messe \u00abO magnum mysterium\u00bb de Tomas Luis de Vittoria ainsi que les motets de Carl Heinrich Graun. A Jaun, il chanta \u00e9galement, en compagnie de l\u2019ensemble baroque A Tempo, un motet de Heinrich Sch\u00fctz. L\u2019ensemble participa aux f\u00eates &hellip; <a href=\"https:\/\/www.choeurdemay.ch\/?page_id=417\" class=\"more-link\">Continuer la lecture de <span class=\"screen-reader-text\">2003 &#8211; Entre profane et sacr\u00e9<\/span>  <span class=\"meta-nav\">&rarr;<\/span><\/a><\/p>\n","protected":false},"author":5,"featured_media":0,"parent":0,"menu_order":0,"comment_status":"closed","ping_status":"closed","template":"","meta":{"footnotes":""},"class_list":["post-417","page","type-page","status-publish","hentry"],"_links":{"self":[{"href":"https:\/\/www.choeurdemay.ch\/index.php?rest_route=\/wp\/v2\/pages\/417","targetHints":{"allow":["GET"]}}],"collection":[{"href":"https:\/\/www.choeurdemay.ch\/index.php?rest_route=\/wp\/v2\/pages"}],"about":[{"href":"https:\/\/www.choeurdemay.ch\/index.php?rest_route=\/wp\/v2\/types\/page"}],"author":[{"embeddable":true,"href":"https:\/\/www.choeurdemay.ch\/index.php?rest_route=\/wp\/v2\/users\/5"}],"replies":[{"embeddable":true,"href":"https:\/\/www.choeurdemay.ch\/index.php?rest_route=%2Fwp%2Fv2%2Fcomments&post=417"}],"version-history":[{"count":6,"href":"https:\/\/www.choeurdemay.ch\/index.php?rest_route=\/wp\/v2\/pages\/417\/revisions"}],"predecessor-version":[{"id":551,"href":"https:\/\/www.choeurdemay.ch\/index.php?rest_route=\/wp\/v2\/pages\/417\/revisions\/551"}],"wp:attachment":[{"href":"https:\/\/www.choeurdemay.ch\/index.php?rest_route=%2Fwp%2Fv2%2Fmedia&parent=417"}],"curies":[{"name":"wp","href":"https:\/\/api.w.org\/{rel}","templated":true}]}}