{"id":411,"date":"2018-04-09T18:09:31","date_gmt":"2018-04-09T16:09:31","guid":{"rendered":"http:\/\/www.choeurdemay.ch\/?page_id=411"},"modified":"2018-04-09T21:33:53","modified_gmt":"2018-04-09T19:33:53","slug":"1998-a-2001","status":"publish","type":"page","link":"https:\/\/www.choeurdemay.ch\/?page_id=411","title":{"rendered":"De 1998 \u00e0 2001 &#8211; Les premiers pas du Choeur de May"},"content":{"rendered":"<h1>1998<\/h1>\n<p>Au mois de mai, un ch\u0153ur du m\u00eame nom, mais ayant troqu\u00e9 son \u00abi\u00bb pour un \u00aby\u00bb naquit de la r\u00e9union de jeunes choristes, dont la plupart avaient d\u00e9j\u00e0 chant\u00e9 ensemble lors de messes de mariage, sous la direction de Nicolas Wyssmueller. En d\u00e9cembre, l\u2019ensemble vocal nouveau-n\u00e9 animait diverses c\u00e9r\u00e9monies et f\u00eates de No\u00ebl.<\/p>\n<h1>1999<\/h1>\n<p>Le 2 mai, le Ch\u0153ur de May donnait son premier concert \u00e0 l\u2019\u00e9glise de Vuippens en compagnie du ch\u0153ur de jeunes filles \u00abVirgo\u00bb, de Lituanie.<\/p>\n<p>Le 8 d\u00e9cembre, \u00e0 Gruy\u00e8res, il pr\u00e9sentait un programme de No\u00ebl comprenant la Messe \u00abO magnum mysterium\u00bb de Tomas Luis de Vittoria ainsi que d\u2019autres pi\u00e8ces, en collaboration avec le Quatuor du Jacquemart.<\/p>\n<h1>2000<\/h1>\n<p>De nombreux mariages occup\u00e8rent l\u2019\u00e9t\u00e9 musical du Ch\u0153ur de May, qui anima \u00e9galement, durant le mois de juillet, le temps d\u2019une soir\u00e9e, le \u00abvillage fribourgeois\u00bb du Montreux Jazz Festival.<\/p>\n<h1>2001<\/h1>\n<p>En avril, le Ch\u0153ur de May proposa, en l\u2019\u00e9glise de Riaz, un programme de musique sacr\u00e9e comportant des \u0153uvres de Vittoria, Homilius, Gombert, Arcadelt et Sch\u00fctz. Il chanta \u00e9galement ce m\u00eame programme en mai, \u00e0 Farvagny.<\/p>\n<p><a href=\"https:\/\/www.choeurdemay.ch\/?page_id=414\">VERS 2002 -&gt;<\/a><\/p>\n","protected":false},"excerpt":{"rendered":"<p>1998 Au mois de mai, un ch\u0153ur du m\u00eame nom, mais ayant troqu\u00e9 son \u00abi\u00bb pour un \u00aby\u00bb naquit de la r\u00e9union de jeunes choristes, dont la plupart avaient d\u00e9j\u00e0 chant\u00e9 ensemble lors de messes de mariage, sous la direction de Nicolas Wyssmueller. En d\u00e9cembre, l\u2019ensemble vocal nouveau-n\u00e9 animait diverses c\u00e9r\u00e9monies et f\u00eates de No\u00ebl. &hellip; <a href=\"https:\/\/www.choeurdemay.ch\/?page_id=411\" class=\"more-link\">Continuer la lecture de <span class=\"screen-reader-text\">De 1998 \u00e0 2001 &#8211; Les premiers pas du Choeur de May<\/span>  <span class=\"meta-nav\">&rarr;<\/span><\/a><\/p>\n","protected":false},"author":5,"featured_media":0,"parent":0,"menu_order":0,"comment_status":"closed","ping_status":"closed","template":"","meta":{"footnotes":""},"class_list":["post-411","page","type-page","status-publish","hentry"],"_links":{"self":[{"href":"https:\/\/www.choeurdemay.ch\/index.php?rest_route=\/wp\/v2\/pages\/411","targetHints":{"allow":["GET"]}}],"collection":[{"href":"https:\/\/www.choeurdemay.ch\/index.php?rest_route=\/wp\/v2\/pages"}],"about":[{"href":"https:\/\/www.choeurdemay.ch\/index.php?rest_route=\/wp\/v2\/types\/page"}],"author":[{"embeddable":true,"href":"https:\/\/www.choeurdemay.ch\/index.php?rest_route=\/wp\/v2\/users\/5"}],"replies":[{"embeddable":true,"href":"https:\/\/www.choeurdemay.ch\/index.php?rest_route=%2Fwp%2Fv2%2Fcomments&post=411"}],"version-history":[{"count":3,"href":"https:\/\/www.choeurdemay.ch\/index.php?rest_route=\/wp\/v2\/pages\/411\/revisions"}],"predecessor-version":[{"id":554,"href":"https:\/\/www.choeurdemay.ch\/index.php?rest_route=\/wp\/v2\/pages\/411\/revisions\/554"}],"wp:attachment":[{"href":"https:\/\/www.choeurdemay.ch\/index.php?rest_route=%2Fwp%2Fv2%2Fmedia&parent=411"}],"curies":[{"name":"wp","href":"https:\/\/api.w.org\/{rel}","templated":true}]}}