{"id":1504,"date":"2026-03-16T10:59:42","date_gmt":"2026-03-16T08:59:42","guid":{"rendered":"https:\/\/www.choeurdemay.ch\/?page_id=1504"},"modified":"2026-03-21T17:46:00","modified_gmt":"2026-03-21T15:46:00","slug":"2026-concert-du-vendredi-saint","status":"publish","type":"page","link":"https:\/\/www.choeurdemay.ch\/?page_id=1504","title":{"rendered":"2026 \u2013 Concert du Vendredi Saint"},"content":{"rendered":"\n<p class=\"wp-block-paragraph\"><\/p>\n\n\n\n<h2 class=\"wp-block-heading\"><strong>Haydn, Pergol\u00e8se\u2026.et Pop\u2019art&nbsp;!<\/strong><\/h2>\n\n\n\n<p class=\"wp-block-paragraph\"><\/p>\n\n\n\n<p class=\"wp-block-paragraph\"><strong>Pour c\u00e9l\u00e9brer le 20<sup>e<\/sup> anniversaire des concerts du Vendredi saint de Gruy\u00e8res, le Ch\u0153ur de May s\u2019associe \u00e0 l\u2019Orchestre de chambre fribourgeois et 4 solistes, en pr\u00e9sentant un programme classique et baroque, dont le c\u00e9l\u00e8bre Stabat Mater de Pergol\u00e8se dans une version orchestr\u00e9e pour ch\u0153ur et orchestre, au 19<sup>e<\/sup> si\u00e8cle, par Otto Nicolai. En live, le peintre Markus Amacher, de Morlon, r\u00e9alisera une \u0153uvre Pop\u2019art autour de la musique, pour garder un souvenir de ce 20<sup>e<\/sup>.<\/strong><\/p>\n\n\n\n<p class=\"wp-block-paragraph\">Le c\u00e9l\u00e8bre Stabat Mater de Giovanni Battista Pergolesi, pour orchestre, soprano et alto solo, ne compte plus les interpr\u00e9tations dans le monde entier, pour c\u00e9l\u00e9brer la tristesse de la m\u00e8re du Christ face \u00e0 son fils en croix. Le Ch\u0153ur de May propose une version in\u00e9dite, quasiment jamais ex\u00e9cut\u00e9e en Suisse, et certainement jamais dans le canton. En effet, Otto Nicolai, compositeur romantique prussien, collectera, pour faire court, les diff\u00e9rentes orchestrations, harmonisations de l\u2019\u0153uvre italienne, r\u00e9alis\u00e9es par quelques musiciens de l\u2019\u00e9poque, et en sert une version pour ch\u0153ur et orchestre tr\u00e8s riche, entre fl\u00fbtes, hautbois et cors et toutes les cordes de l\u2019orchestre. Une vraie nouveaut\u00e9 pour les auditeurs fid\u00e8les du Concert du Vendredi Saint du Ch\u0153ur de May \u2013 un cadeau pour sa 20<sup>e<\/sup> \u00e9dition.<\/p>\n\n\n\n<p class=\"wp-block-paragraph\">\u0152uvre majeur \u00e9galement, le Requiem de Michael Haydn, a certainement inspir\u00e9 le plus c\u00e9l\u00e8bre Requiem, celui de Mozart, avec une orchestration proche, pour cordes, ch\u0153ur, solistes, cuivres et basse continue. Le Ch\u0153ur de May l\u2019a choisi \u00e9galement pour mettre en valeur 4 solistes du canton, amis du ch\u0153ur&nbsp;: Corinne Steiger, Annina Haug, Jonathan Spicher et Fabrice Hayoz mettront leurs voix au service de l\u2019Orchestre de Chambre fribourgeois et du Ch\u0153ur de May.<\/p>\n\n\n\n<p class=\"wp-block-paragraph\">L\u2019\u00e9v\u00e9nement marquant sera certainement pictural. Le Ch\u0153ur de May a approch\u00e9 Markus Amacher, peintre Pop\u2019art, qui laissera par sa peinture, un souvenir de cet anniversaire. Autour de la musique de Haydn et Pergolesie, le fribourgeois de Morlon installera sa toile dans l\u2019\u00e9glise pour cr\u00e9er en direct une \u0153uvre Pop\u2019art, bas\u00e9e sur les textes des deux \u0153uvres. Entre lumi\u00e8re et obscurit\u00e9, esp\u00e9rance et douleur, joie et tristesse, l\u2019artiste d\u00e9voilera une facette plus contemporaine des sentiments humains.<\/p>\n\n\n\n<p class=\"wp-block-paragraph\">Un \u00e9v\u00e9nement fort, musical et pictural, en l\u2019\u00e9glise de Gruy\u00e8res le prochain Vendredi saint.<\/p>\n\n\n\n<p class=\"wp-block-paragraph\"><strong>R\u00e9servations : voir ci-dessous<\/strong><\/p>\n\n\n\n<p class=\"wp-block-paragraph\"><\/p>\n\n\n\n<figure class=\"wp-block-image size-large\"><img loading=\"lazy\" decoding=\"async\" width=\"724\" height=\"1024\" src=\"https:\/\/www.choeurdemay.ch\/wp-content\/uploads\/2026\/03\/Affiche-VSaint-2026_recto-724x1024.jpg\" alt=\"\" class=\"wp-image-1512\" srcset=\"https:\/\/www.choeurdemay.ch\/wp-content\/uploads\/2026\/03\/Affiche-VSaint-2026_recto-724x1024.jpg 724w, https:\/\/www.choeurdemay.ch\/wp-content\/uploads\/2026\/03\/Affiche-VSaint-2026_recto-212x300.jpg 212w, https:\/\/www.choeurdemay.ch\/wp-content\/uploads\/2026\/03\/Affiche-VSaint-2026_recto-768x1086.jpg 768w, https:\/\/www.choeurdemay.ch\/wp-content\/uploads\/2026\/03\/Affiche-VSaint-2026_recto-1086x1536.jpg 1086w, https:\/\/www.choeurdemay.ch\/wp-content\/uploads\/2026\/03\/Affiche-VSaint-2026_recto-1448x2048.jpg 1448w, https:\/\/www.choeurdemay.ch\/wp-content\/uploads\/2026\/03\/Affiche-VSaint-2026_recto-scaled.jpg 1810w\" sizes=\"auto, (max-width: 724px) 100vw, 724px\" \/><\/figure>\n\n\n\n<figure class=\"wp-block-image size-large\"><img loading=\"lazy\" decoding=\"async\" width=\"722\" height=\"1024\" src=\"https:\/\/www.choeurdemay.ch\/wp-content\/uploads\/2026\/03\/Affiche-VSaint-2026_verso-722x1024.jpg\" alt=\"\" class=\"wp-image-1513\" srcset=\"https:\/\/www.choeurdemay.ch\/wp-content\/uploads\/2026\/03\/Affiche-VSaint-2026_verso-722x1024.jpg 722w, https:\/\/www.choeurdemay.ch\/wp-content\/uploads\/2026\/03\/Affiche-VSaint-2026_verso-211x300.jpg 211w, https:\/\/www.choeurdemay.ch\/wp-content\/uploads\/2026\/03\/Affiche-VSaint-2026_verso-768x1090.jpg 768w, https:\/\/www.choeurdemay.ch\/wp-content\/uploads\/2026\/03\/Affiche-VSaint-2026_verso-1083x1536.jpg 1083w, https:\/\/www.choeurdemay.ch\/wp-content\/uploads\/2026\/03\/Affiche-VSaint-2026_verso-1444x2048.jpg 1444w, https:\/\/www.choeurdemay.ch\/wp-content\/uploads\/2026\/03\/Affiche-VSaint-2026_verso.jpg 1748w\" sizes=\"auto, (max-width: 722px) 100vw, 722px\" \/><\/figure>\n","protected":false},"excerpt":{"rendered":"<p>Haydn, Pergol\u00e8se\u2026.et Pop\u2019art&nbsp;! Pour c\u00e9l\u00e9brer le 20e anniversaire des concerts du Vendredi saint de Gruy\u00e8res, le Ch\u0153ur de May s\u2019associe \u00e0 l\u2019Orchestre de chambre fribourgeois et 4 solistes, en pr\u00e9sentant un programme classique et baroque, dont le c\u00e9l\u00e8bre Stabat Mater de Pergol\u00e8se dans une version orchestr\u00e9e pour ch\u0153ur et orchestre, au 19e si\u00e8cle, par Otto &hellip; <a href=\"https:\/\/www.choeurdemay.ch\/?page_id=1504\" class=\"more-link\">Continuer la lecture de <span class=\"screen-reader-text\">2026 \u2013 Concert du Vendredi Saint<\/span>  <span class=\"meta-nav\">&rarr;<\/span><\/a><\/p>\n","protected":false},"author":5,"featured_media":0,"parent":0,"menu_order":0,"comment_status":"closed","ping_status":"closed","template":"","meta":{"footnotes":""},"class_list":["post-1504","page","type-page","status-publish","hentry"],"_links":{"self":[{"href":"https:\/\/www.choeurdemay.ch\/index.php?rest_route=\/wp\/v2\/pages\/1504","targetHints":{"allow":["GET"]}}],"collection":[{"href":"https:\/\/www.choeurdemay.ch\/index.php?rest_route=\/wp\/v2\/pages"}],"about":[{"href":"https:\/\/www.choeurdemay.ch\/index.php?rest_route=\/wp\/v2\/types\/page"}],"author":[{"embeddable":true,"href":"https:\/\/www.choeurdemay.ch\/index.php?rest_route=\/wp\/v2\/users\/5"}],"replies":[{"embeddable":true,"href":"https:\/\/www.choeurdemay.ch\/index.php?rest_route=%2Fwp%2Fv2%2Fcomments&post=1504"}],"version-history":[{"count":6,"href":"https:\/\/www.choeurdemay.ch\/index.php?rest_route=\/wp\/v2\/pages\/1504\/revisions"}],"predecessor-version":[{"id":1535,"href":"https:\/\/www.choeurdemay.ch\/index.php?rest_route=\/wp\/v2\/pages\/1504\/revisions\/1535"}],"wp:attachment":[{"href":"https:\/\/www.choeurdemay.ch\/index.php?rest_route=%2Fwp%2Fv2%2Fmedia&parent=1504"}],"curies":[{"name":"wp","href":"https:\/\/api.w.org\/{rel}","templated":true}]}}