{"id":1045,"date":"2023-01-01T14:25:09","date_gmt":"2023-01-01T12:25:09","guid":{"rendered":"http:\/\/www.choeurdemay.ch\/?page_id=1045"},"modified":"2023-02-18T15:57:57","modified_gmt":"2023-02-18T13:57:57","slug":"morat-festival-des-lumieres","status":"publish","type":"page","link":"https:\/\/www.choeurdemay.ch\/?page_id=1045","title":{"rendered":"Morat Festival des Lumi\u00e8res"},"content":{"rendered":"\n<h4 class=\"wp-block-heading\"><span style=\"color:#36aa01\" class=\"has-inline-color\">Du 18 au 29 janvier 2023 | \u00c9glise allemande \u00e0 Morat<\/span><\/h4>\n\n\n\n<p class=\"wp-block-paragraph\"><\/p>\n\n\n\n<p class=\"wp-block-paragraph\">En janvier 2023, le Ch\u0153ur de May a particip\u00e9 \u00e0 la 7<sup>\u00e8me <\/sup>\u00e9dition du Morat Festival des Lumi\u00e8res. A cette occasion, nous avons eu le plaisir de chanter tous les soirs du 18 au 29 janvier 2023 dans le cadre du spectacle Son &amp; Lumi\u00e8re live qui s&rsquo;est tenu \u00e0 l\u2019\u00c9glise allemande.  <\/p>\n\n\n\n<p class=\"wp-block-paragraph\">Plus de 9&rsquo;000 spectateurs sont venus nous \u00e9couter et d\u00e9couvrir la magnifique \u0153uvre lumineuse r\u00e9alis\u00e9e en collaboration avec le vid\u00e9aste moratois Adrian Scherzinger.  <\/p>\n\n\n\n<p class=\"wp-block-paragraph\"><\/p>\n\n\n\n<div class=\"wp-block-image\"><figure class=\"aligncenter size-full is-resized\"><img loading=\"lazy\" decoding=\"async\" src=\"https:\/\/www.choeurdemay.ch\/wp-content\/uploads\/2023\/01\/WhatsApp-Image-2023-01-01-at-13.29.51.jpeg\" alt=\"\" class=\"wp-image-1053\" width=\"507\" height=\"344\" srcset=\"https:\/\/www.choeurdemay.ch\/wp-content\/uploads\/2023\/01\/WhatsApp-Image-2023-01-01-at-13.29.51.jpeg 336w, https:\/\/www.choeurdemay.ch\/wp-content\/uploads\/2023\/01\/WhatsApp-Image-2023-01-01-at-13.29.51-300x204.jpeg 300w\" sizes=\"auto, (max-width: 507px) 100vw, 507px\" \/><\/figure><\/div>\n\n\n\n<p class=\"wp-block-paragraph\"><strong>\u200b<\/strong><\/p>\n","protected":false},"excerpt":{"rendered":"<p>Du 18 au 29 janvier 2023 | \u00c9glise allemande \u00e0 Morat En janvier 2023, le Ch\u0153ur de May a particip\u00e9 \u00e0 la 7\u00e8me \u00e9dition du Morat Festival des Lumi\u00e8res. A cette occasion, nous avons eu le plaisir de chanter tous les soirs du 18 au 29 janvier 2023 dans le cadre du spectacle Son &amp; &hellip; <a href=\"https:\/\/www.choeurdemay.ch\/?page_id=1045\" class=\"more-link\">Continuer la lecture de <span class=\"screen-reader-text\">Morat Festival des Lumi\u00e8res<\/span>  <span class=\"meta-nav\">&rarr;<\/span><\/a><\/p>\n","protected":false},"author":5,"featured_media":0,"parent":0,"menu_order":0,"comment_status":"closed","ping_status":"closed","template":"","meta":{"footnotes":""},"class_list":["post-1045","page","type-page","status-publish","hentry"],"_links":{"self":[{"href":"https:\/\/www.choeurdemay.ch\/index.php?rest_route=\/wp\/v2\/pages\/1045","targetHints":{"allow":["GET"]}}],"collection":[{"href":"https:\/\/www.choeurdemay.ch\/index.php?rest_route=\/wp\/v2\/pages"}],"about":[{"href":"https:\/\/www.choeurdemay.ch\/index.php?rest_route=\/wp\/v2\/types\/page"}],"author":[{"embeddable":true,"href":"https:\/\/www.choeurdemay.ch\/index.php?rest_route=\/wp\/v2\/users\/5"}],"replies":[{"embeddable":true,"href":"https:\/\/www.choeurdemay.ch\/index.php?rest_route=%2Fwp%2Fv2%2Fcomments&post=1045"}],"version-history":[{"count":14,"href":"https:\/\/www.choeurdemay.ch\/index.php?rest_route=\/wp\/v2\/pages\/1045\/revisions"}],"predecessor-version":[{"id":1084,"href":"https:\/\/www.choeurdemay.ch\/index.php?rest_route=\/wp\/v2\/pages\/1045\/revisions\/1084"}],"wp:attachment":[{"href":"https:\/\/www.choeurdemay.ch\/index.php?rest_route=%2Fwp%2Fv2%2Fmedia&parent=1045"}],"curies":[{"name":"wp","href":"https:\/\/api.w.org\/{rel}","templated":true}]}}