{"id":1037,"date":"2023-01-01T12:33:02","date_gmt":"2023-01-01T10:33:02","guid":{"rendered":"http:\/\/www.choeurdemay.ch\/?page_id=1037"},"modified":"2023-04-05T19:36:19","modified_gmt":"2023-04-05T17:36:19","slug":"2023-concert-du-25e-anniversaire","status":"publish","type":"page","link":"https:\/\/www.choeurdemay.ch\/?page_id=1037","title":{"rendered":"2023 \u2013 Concert du 25e Anniversaire"},"content":{"rendered":"\n<h1 class=\"has-green-color has-text-color wp-block-heading\"><strong>Vespro della Beata Vergine<br>Claudio Monteverdi (1567 \u2013<\/strong>1643)<\/h1>\n\n\n\n<h4 class=\"wp-block-heading\"><em>Di 2 avril 2023 <\/em>|<em> \u00c9glise de Villars-sur-Gl\u00e2ne |19h00<br>Ve 7 avril 2023 | \u00c9glise de Gruy\u00e8res | 11h00<\/em><\/h4>\n\n\n\n<p class=\"wp-block-paragraph\"><\/p>\n\n\n\n<p class=\"wp-block-paragraph\">En 2023, le Ch\u0153ur de May f\u00eate ses 25 ans d\u2019existence&nbsp;!&nbsp;Pour marquer cet anniversaire d\u2019une pierre blanche, il fallait une \u0153uvre d\u2019envergure, \u00e0 la foi grandiose, prodigieuse, somptueuse et festive. Les <strong><em>V\u00eapres de la Vierge Marie de Claudio Monteverdi se sont impos\u00e9es&nbsp;!<\/em><\/strong><\/p>\n\n\n\n<p class=\"wp-block-paragraph\">Pour mener \u00e0 bien cet ambitieux projet, <strong>le Ch\u0153ur de May<\/strong> est accompagn\u00e9 par l\u2019Ensemble instrumental<strong> les Cornets Noirs<\/strong> qui s\u2019est fait un nom au niveau international. Il s\u2019est \u00e9galement entour\u00e9 de 8 solistes dont la qualit\u00e9 et la r\u00e9putation ne sont plus \u00e0 faire&nbsp;: <strong>Arianna Savall Figueras<\/strong>, Soprano, <strong>Anne Vuilleumier<\/strong>, Soprano, <strong>Val\u00e9rie Bonnard<\/strong>, Mezzo-soprano, <strong>V\u00e9ronique Rossier<\/strong>, Alto, <strong>Tristan Blanchet<\/strong>, T\u00e9nor, <strong>Petter Udland Johansen<\/strong>, T\u00e9nor, <strong>Nicolas Pernet<\/strong>, Baryton et <strong>Michel Kuhn<\/strong>, Baryton. <strong>Pierre-Do Bourgknecht<\/strong>, qui m\u00e8ne de front les carri\u00e8res d&rsquo;auteur, compositeur, interpr\u00e8te, mais aussi chroniqueur et com\u00e9dien, nous fera l&rsquo;amiti\u00e9 de pr\u00e9senter bri\u00e8vement l\u2019\u0153uvre de fa\u00e7on l\u00e9g\u00e8re et un brin d\u00e9cal\u00e9e&#8230; <\/p>\n\n\n\n<h4 class=\"wp-block-heading\">Informations compl\u00e9mentaires<\/h4>\n\n\n\n<h5 class=\"wp-block-heading\">Tarifs<\/h5>\n\n\n\n<ul class=\"wp-block-list\">\n<li>Places non num\u00e9rot\u00e9es avec visibilit\u00e9 r\u00e9duite : CHF 30.-<\/li>\n\n\n\n<li>Enfants jusqu&rsquo;\u00e0 16 ans : CHF 15.- <\/li>\n<\/ul>\n\n\n\n<h5 class=\"wp-block-heading\">R\u00e9servations<\/h5>\n\n\n\n<ul class=\"wp-block-list\">\n<li><strong>Billets en vente \u00e0 l&rsquo;entr\u00e9e de l\u2019\u00e9glise d\u00e8s 9h45<\/strong><\/li>\n\n\n\n<li>Paiement sur place en esp\u00e8ce ou par TWINT<\/li>\n<\/ul>\n\n\n\n<h4 class=\"wp-block-heading\">A propos de l\u2019\u0153uvre&#8230;<\/h4>\n\n\n\n<p class=\"wp-block-paragraph\">Longtemps rest\u00e9es absentes des affiches de concerts de la r\u00e9gion, les V\u00eapres de Monteverdi occupent une place de choix dans le r\u00e9pertoire sacr\u00e9 du d\u00e9but de la p\u00e9riode baroque. Elles sont un jalon incontournable de l\u2019Histoire de la musique, une \u0153uvre de r\u00e9f\u00e9rence proposant un m\u00e9lange in\u00e9gal\u00e9 de styles. En effet, la particularit\u00e9 des V\u00eapres r\u00e9side dans le fait que Monteverdi associe dans cette \u0153uvre le style ancien et le style nouveau, le sacr\u00e9 et le profane, la technique du contrepoint dialoguant avec le cantus firmus, les r\u00e9citatifs intimistes port\u00e9s par des solistes en \u00e9cho avec les doubles ch\u0153urs sonores et majestueux. Ces nombreux contrastes produisent, plus que toute autre \u0153uvre de cette \u00e9poque, une \u00e9motion profonde, et cr\u00e9ent une atmosph\u00e8re id\u00e9ale \u00e0 l\u2019\u00e9panouissement spirituel et musical de cette \u0153uvre si riche en ambiances diverses.<\/p>\n\n\n\n<p class=\"wp-block-paragraph\"><\/p>\n\n\n<div class=\"wp-block-image\">\n<figure class=\"aligncenter size-large\"><img loading=\"lazy\" decoding=\"async\" width=\"724\" height=\"1024\" src=\"https:\/\/www.choeurdemay.ch\/wp-content\/uploads\/2023\/03\/Monteverdi-Vepres-a-la-Vierge-724x1024.png\" alt=\"\" class=\"wp-image-1169\" srcset=\"https:\/\/www.choeurdemay.ch\/wp-content\/uploads\/2023\/03\/Monteverdi-Vepres-a-la-Vierge-724x1024.png 724w, https:\/\/www.choeurdemay.ch\/wp-content\/uploads\/2023\/03\/Monteverdi-Vepres-a-la-Vierge-212x300.png 212w, https:\/\/www.choeurdemay.ch\/wp-content\/uploads\/2023\/03\/Monteverdi-Vepres-a-la-Vierge-768x1086.png 768w, https:\/\/www.choeurdemay.ch\/wp-content\/uploads\/2023\/03\/Monteverdi-Vepres-a-la-Vierge-1086x1536.png 1086w, https:\/\/www.choeurdemay.ch\/wp-content\/uploads\/2023\/03\/Monteverdi-Vepres-a-la-Vierge-1448x2048.png 1448w\" sizes=\"auto, (max-width: 724px) 100vw, 724px\" \/><\/figure>\n<\/div>","protected":false},"excerpt":{"rendered":"<p>Vespro della Beata VergineClaudio Monteverdi (1567 \u20131643) Di 2 avril 2023 | \u00c9glise de Villars-sur-Gl\u00e2ne |19h00Ve 7 avril 2023 | \u00c9glise de Gruy\u00e8res | 11h00 En 2023, le Ch\u0153ur de May f\u00eate ses 25 ans d\u2019existence&nbsp;!&nbsp;Pour marquer cet anniversaire d\u2019une pierre blanche, il fallait une \u0153uvre d\u2019envergure, \u00e0 la foi grandiose, prodigieuse, somptueuse et festive. &hellip; <a href=\"https:\/\/www.choeurdemay.ch\/?page_id=1037\" class=\"more-link\">Continuer la lecture de <span class=\"screen-reader-text\">2023 \u2013 Concert du 25e Anniversaire<\/span>  <span class=\"meta-nav\">&rarr;<\/span><\/a><\/p>\n","protected":false},"author":5,"featured_media":0,"parent":0,"menu_order":0,"comment_status":"closed","ping_status":"closed","template":"","meta":{"footnotes":""},"class_list":["post-1037","page","type-page","status-publish","hentry"],"_links":{"self":[{"href":"https:\/\/www.choeurdemay.ch\/index.php?rest_route=\/wp\/v2\/pages\/1037","targetHints":{"allow":["GET"]}}],"collection":[{"href":"https:\/\/www.choeurdemay.ch\/index.php?rest_route=\/wp\/v2\/pages"}],"about":[{"href":"https:\/\/www.choeurdemay.ch\/index.php?rest_route=\/wp\/v2\/types\/page"}],"author":[{"embeddable":true,"href":"https:\/\/www.choeurdemay.ch\/index.php?rest_route=\/wp\/v2\/users\/5"}],"replies":[{"embeddable":true,"href":"https:\/\/www.choeurdemay.ch\/index.php?rest_route=%2Fwp%2Fv2%2Fcomments&post=1037"}],"version-history":[{"count":42,"href":"https:\/\/www.choeurdemay.ch\/index.php?rest_route=\/wp\/v2\/pages\/1037\/revisions"}],"predecessor-version":[{"id":1213,"href":"https:\/\/www.choeurdemay.ch\/index.php?rest_route=\/wp\/v2\/pages\/1037\/revisions\/1213"}],"wp:attachment":[{"href":"https:\/\/www.choeurdemay.ch\/index.php?rest_route=%2Fwp%2Fv2%2Fmedia&parent=1037"}],"curies":[{"name":"wp","href":"https:\/\/api.w.org\/{rel}","templated":true}]}}